{"id":783,"date":"2025-06-12T07:31:31","date_gmt":"2025-06-12T07:31:31","guid":{"rendered":"https:\/\/sportotto.com\/?page_id=783"},"modified":"2025-08-29T13:51:21","modified_gmt":"2025-08-29T13:51:21","slug":"uutiest","status":"publish","type":"page","link":"https:\/\/sportotto.com\/fi\/uutiest\/","title":{"rendered":"Uutiest"},"content":{"rendered":"\n<h1 class=\"wp-block-heading\">Uutiest<\/h1>\n\n\n\n<p>Pelaamisen suosio jatkaa kasvuaan, ja sen monimuotoisuus houkuttelee kaikenik\u00e4isi\u00e4 ja -taustaisia harrastajia. Uusimmassa kategoriassamme syvennymme pelien monipuoliseen kirjoon \u2013 aina perinteisist\u00e4 lautapeleist\u00e4 <strong><a href=\"https:\/\/uudetkasino.com\/\">Uudet Kasino<\/a><\/strong>.<\/p>\n\n\n\n<p>Olitpa strateginen ajattelija tai el\u00e4myksi\u00e4 etsiv\u00e4 pelaaja, pelimaailma tarjoaa loputtomasti mahdollisuuksia. Asiantuntija-artikkelimme tarjoavat tietoa pelien s\u00e4\u00e4nn\u00f6ist\u00e4, strategioista ja hy\u00f6dyllisist\u00e4 vinkeist\u00e4, jotka viev\u00e4t pelikokemuksen uudelle tasolle. K\u00e4sittelemme laajasti niin klassikoita, kuten shakkia ja Monopolia, kuin my\u00f6s digitaalisia uutuuksia ja viihdytt\u00e4vi\u00e4 kasinokategorioita.<\/p>\n\n\n\n<p>Seuraa uutiskategoriaamme saadaksesi ajankohtaista tietoa ja syv\u00e4llisi\u00e4 analyyseja pelimaailman kehityksest\u00e4. Pysy mukana pelin hengess\u00e4.<\/p>\n\n\n\n<h2 class=\"wp-block-heading\">Viimeisimm\u00e4t uutiset<\/h2>\n\n\n<div class=\"news-wrapper\"><div class=\"news-item \">\n    <div class=\"news-item-image-wrapper\" style=\"background-image:url('https:\/\/sportotto.com\/wp-content\/uploads\/2025\/11\/uhkapelivapaus-sailyy-internetissa-kayta-sita-viisaasti.png');\"><\/div>\n    <div class=\"news-item-text-wrapper\">\n        <div class=\"news-title-wrapper\">\n            <div class=\"date\">2025-11-13<\/div>\n            <div class=\"title\">Uhkapelivapaus s\u00e4ilyy internetiss\u00e4 \u2013 k\u00e4yt\u00e4 sit\u00e4 viisaasti<\/div>\n        <\/div>\n        <div class=\"excerpt\">Uhkapelivapaus s\u00e4ilyy internetiss\u00e4 \u2013 k\u00e4yt\u00e4 sit\u00e4 viisaasti Internetin maailma on yksi niist\u00e4 harvoista paikoista, jotka tarjoavat todellista valinnanvapautta parhaimmillaan. T\u00e4m\u00e4...<\/div>\n    <\/div>\n\n    <div class=\"news-item-cta-wrapper\">\n        <a href=\"https:\/\/sportotto.com\/fi\/uutiset\/uhkapelivapaus-sailyy-internetissa-kayta-sita-viisaasti\/\" class=\"button outline\">Jatka Lukemista<\/a>\n    <\/div>\n<\/div><div class=\"news-item \">\n    <div class=\"news-item-image-wrapper\" style=\"background-image:url('https:\/\/sportotto.com\/wp-content\/uploads\/2025\/10\/Amanda20Kotajan20pysC3A4yttC3A4vC3A420matka20kohti20uutta20nousua20E2809320sairauden20jC3A4lkeen20kohti20Pariisin20paralympialaisia-2025-10-07T053A023A23.151Z.jpg');\"><\/div>\n    <div class=\"news-item-text-wrapper\">\n        <div class=\"news-title-wrapper\">\n            <div class=\"date\">2025-10-07<\/div>\n            <div class=\"title\">Amanda Kotajan pys\u00e4ytt\u00e4v\u00e4 matka kohti uutta nousua \u2013 sairauden j\u00e4lkeen kohti Pariisin paralympialaisia<\/div>\n        <\/div>\n        <div class=\"excerpt\">Amanda Kotajan pys\u00e4ytt\u00e4v\u00e4 matka kohti uutta nousua \u2013 sairauden j\u00e4lkeen kohti Pariisin paralympialaisia Amanda Kotaja, nelinkertainen maailmanmestari ja kaksinkertainen paralympiamitalisti,...<\/div>\n    <\/div>\n\n    <div class=\"news-item-cta-wrapper\">\n        <a href=\"https:\/\/sportotto.com\/fi\/uutiset\/amanda-kotajan-pysayttava-matka-kohti-uutta-nousua-sairauden-jalkeen-kohti-pariisin-paralympialaisia\/\" class=\"button outline\">Jatka Lukemista<\/a>\n    <\/div>\n<\/div><div class=\"news-item \">\n    <div class=\"news-item-image-wrapper\" style=\"background-image:url('https:\/\/sportotto.com\/wp-content\/uploads\/2025\/10\/ParahiihtC3A4jC3A420Inkki20Inola20tuomitsee20IPCn20pC3A4C3A4tC3B6ksen3A20VenC3A4jC3A4n20ja20ValkoVenC3A4jC3A4n20paluu20paraurheiluun20on20moraalisesti20kestC3A4mC3A4tC3B6ntC3A4-2025-10-06T053A013A34.137Z.jpg');\"><\/div>\n    <div class=\"news-item-text-wrapper\">\n        <div class=\"news-title-wrapper\">\n            <div class=\"date\">2025-10-06<\/div>\n            <div class=\"title\">Parahiiht\u00e4j\u00e4 Inkki Inola tuomitsee IPCn p\u00e4\u00e4t\u00f6ksen: Ven\u00e4j\u00e4n ja ValkoVen\u00e4j\u00e4n paluu paraurheiluun on moraalisesti kest\u00e4m\u00e4t\u00f6nt\u00e4<\/div>\n        <\/div>\n        <div class=\"excerpt\">Parahiiht\u00e4j\u00e4 Inkki Inola tuomitsee IPCn p\u00e4\u00e4t\u00f6ksen: Ven\u00e4j\u00e4n ja ValkoVen\u00e4j\u00e4n paluu paraurheiluun on moraalisesti kest\u00e4m\u00e4t\u00f6nt\u00e4 Kansainv\u00e4lisen paralympiakomitean p\u00e4\u00e4t\u00f6s sallia Ven\u00e4j\u00e4n ja...<\/div>\n    <\/div>\n\n    <div class=\"news-item-cta-wrapper\">\n        <a href=\"https:\/\/sportotto.com\/fi\/uutiset\/parahiihtaja-inkki-inola-tuomitsee-ipcn-paatoksen-venajan-ja-valkovenajan-paluu-paraurheiluun-on-moraalisesti-kestamatonta\/\" class=\"button outline\">Jatka Lukemista<\/a>\n    <\/div>\n<\/div><div class=\"news-item \">\n    <div class=\"news-item-image-wrapper\" style=\"background-image:url('https:\/\/sportotto.com\/wp-content\/uploads\/2025\/10\/Eurooppa20jyrC3A4C3A420kohti20historiallisen20suurta20Ryder20Cup20-voittoa20E2809320fanien20kuohunta20varjostaa20turnausta20New20Yorkissa-2025-10-05T053A013A39.172Z.jpg');\"><\/div>\n    <div class=\"news-item-text-wrapper\">\n        <div class=\"news-title-wrapper\">\n            <div class=\"date\">2025-10-05<\/div>\n            <div class=\"title\">Eurooppa jyr\u00e4\u00e4 kohti historiallisen suurta Ryder Cup -voittoa \u2013 fanien kuohunta varjostaa turnausta New Yorkissa<\/div>\n        <\/div>\n        <div class=\"excerpt\">Eurooppa jyr\u00e4\u00e4 kohti historiallisen suurta Ryder Cup -voittoa \u2013 fanien kuohunta varjostaa turnausta New Yorkissa Ryder Cupin viikonloppu New Yorkin...<\/div>\n    <\/div>\n\n    <div class=\"news-item-cta-wrapper\">\n        <a href=\"https:\/\/sportotto.com\/fi\/uutiset\/eurooppa-jyraa-kohti-historiallisen-suurta-ryder-cup-voittoa-fanien-kuohunta-varjostaa-turnausta-new-yorkissa\/\" class=\"button outline\">Jatka Lukemista<\/a>\n    <\/div>\n<\/div><div class=\"news-item \">\n    <div class=\"news-item-image-wrapper\" style=\"background-image:url('https:\/\/sportotto.com\/wp-content\/uploads\/2025\/10\/West20Ham20teki20valmentajavaihdoksen20Nuno20EspC3ADrito20Santo20saapuu20pelastamaan20Valioliigakauden-2025-10-04T053A013A41.370Z.jpg');\"><\/div>\n    <div class=\"news-item-text-wrapper\">\n        <div class=\"news-title-wrapper\">\n            <div class=\"date\">2025-10-04<\/div>\n            <div class=\"title\">West Ham teki valmentajavaihdoksen Nuno Esp\u00edrito Santo saapuu pelastamaan Valioliigakauden<\/div>\n        <\/div>\n        <div class=\"excerpt\">West Ham teki valmentajavaihdoksen Nuno Esp\u00edrito Santo saapuu pelastamaan Valioliigakauden Lontoossa kuohuu j\u00e4lleen. Valioliigan pohjamutiin juuttunut West Ham United on...<\/div>\n    <\/div>\n\n    <div class=\"news-item-cta-wrapper\">\n        <a href=\"https:\/\/sportotto.com\/fi\/uutiset\/west-ham-teki-valmentajavaihdoksen-nuno-espirito-santo-saapuu-pelastamaan-valioliigakauden\/\" class=\"button outline\">Jatka Lukemista<\/a>\n    <\/div>\n<\/div><div class=\"news-item \">\n    <div class=\"news-item-image-wrapper\" style=\"background-image:url('https:\/\/sportotto.com\/wp-content\/uploads\/2025\/10\/Liina20RC3A4ty2019-vuotias20lentopallon20superlupaus20Kuopiosta20nousemassa20kansainvC3A4liseksi20tC3A4hdeksi-2025-10-03T053A023A10.845Z.jpg');\"><\/div>\n    <div class=\"news-item-text-wrapper\">\n        <div class=\"news-title-wrapper\">\n            <div class=\"date\">2025-10-03<\/div>\n            <div class=\"title\">Liina R\u00e4ty 19-vuotias lentopallon superlupaus Kuopiosta nousemassa kansainv\u00e4liseksi t\u00e4hdeksi<\/div>\n        <\/div>\n        <div class=\"excerpt\">Liina R\u00e4ty 19-vuotias lentopallon superlupaus Kuopiosta nousemassa kansainv\u00e4liseksi t\u00e4hdeksi Kun naisten Mestaruusliigan uusi kausi starttaa, yksi nimi on nousemassa urheiluv\u00e4en...<\/div>\n    <\/div>\n\n    <div class=\"news-item-cta-wrapper\">\n        <a href=\"https:\/\/sportotto.com\/fi\/uutiset\/liina-raty-19-vuotias-lentopallon-superlupaus-kuopiosta-nousemassa-kansainvaliseksi-tahdeksi\/\" class=\"button outline\">Jatka Lukemista<\/a>\n    <\/div>\n<\/div><div class=\"news-item \">\n    <div class=\"news-item-image-wrapper\" style=\"background-image:url('https:\/\/sportotto.com\/wp-content\/uploads\/2025\/10\/Suomalaisurheilun20eettinen20kriisi20raportti20paljastaa20kilpailumanipulaation20uhan20ja20Suekin20roolin20epC3A4selvyydet-2025-10-02T053A013A39.933Z.jpg');\"><\/div>\n    <div class=\"news-item-text-wrapper\">\n        <div class=\"news-title-wrapper\">\n            <div class=\"date\">2025-10-02<\/div>\n            <div class=\"title\">Suomalaisurheilun eettinen kriisi raportti paljastaa kilpailumanipulaation uhan ja Suekin roolin ep\u00e4selvyydet<\/div>\n        <\/div>\n        <div class=\"excerpt\">Suomalaisurheilun eettinen kriisi raportti paljastaa kilpailumanipulaation uhan ja Suekin roolin ep\u00e4selvyydet Suomalainen urheilu on aina halunnut uskoa itseens\u00e4 \u2013 siihen,...<\/div>\n    <\/div>\n\n    <div class=\"news-item-cta-wrapper\">\n        <a href=\"https:\/\/sportotto.com\/fi\/uutiset\/suomalaisurheilun-eettinen-kriisi-raportti-paljastaa-kilpailumanipulaation-uhan-ja-suekin-roolin-epaselvyydet\/\" class=\"button outline\">Jatka Lukemista<\/a>\n    <\/div>\n<\/div><div class=\"news-item \">\n    <div class=\"news-item-image-wrapper\" style=\"background-image:url('https:\/\/sportotto.com\/wp-content\/uploads\/2025\/10\/HIFK20kriisissC3A420E2809320Petteri20Lindbohmin20pitkC3A420poissaolo20syC3B6ksee20joukkueen20ahtaalle20Liigassa-2025-10-01T053A013A53.437Z.jpg');\"><\/div>\n    <div class=\"news-item-text-wrapper\">\n        <div class=\"news-title-wrapper\">\n            <div class=\"date\">2025-10-01<\/div>\n            <div class=\"title\">HIFK kriisiss\u00e4 \u2013 Petteri Lindbohmin pitk\u00e4 poissaolo sy\u00f6ksee joukkueen ahtaalle Liigassa<\/div>\n        <\/div>\n        <div class=\"excerpt\">HIFK kriisiss\u00e4 \u2013 Petteri Lindbohmin pitk\u00e4 poissaolo sy\u00f6ksee joukkueen ahtaalle Liigassa Helsingin IFK:n alkukausi on ollut kaikkea muuta kuin toiveikas....<\/div>\n    <\/div>\n\n    <div class=\"news-item-cta-wrapper\">\n        <a href=\"https:\/\/sportotto.com\/fi\/uutiset\/hifk-kriisissa-petteri-lindbohmin-pitka-poissaolo-syoksee-joukkueen-ahtaalle-liigassa\/\" class=\"button outline\">Jatka Lukemista<\/a>\n    <\/div>\n<\/div><div class=\"news-item \">\n    <div class=\"news-item-image-wrapper\" style=\"background-image:url('https:\/\/sportotto.com\/wp-content\/uploads\/2025\/09\/FC20Inter20Turku20miljoonasiirto20jC3A4risytti20mestaruustaistelua20voiko20joukkue20nousta20huipulle20ilman20Axel20Kouamea-2025-09-30T053A023A15.006Z.jpg');\"><\/div>\n    <div class=\"news-item-text-wrapper\">\n        <div class=\"news-title-wrapper\">\n            <div class=\"date\">2025-09-30<\/div>\n            <div class=\"title\">FC Inter Turku miljoonasiirto j\u00e4risytti mestaruustaistelua voiko joukkue nousta huipulle ilman Axel Kouamea<\/div>\n        <\/div>\n        <div class=\"excerpt\">FC Inter Turku miljoonasiirto j\u00e4risytti mestaruustaistelua voiko joukkue nousta huipulle ilman Axel Kouamea Turussa tuuli ei aina tarkoita vain jokirannan...<\/div>\n    <\/div>\n\n    <div class=\"news-item-cta-wrapper\">\n        <a href=\"https:\/\/sportotto.com\/fi\/uutiset\/fc-inter-turku-miljoonasiirto-jarisytti-mestaruustaistelua-voiko-joukkue-nousta-huipulle-ilman-axel-kouamea\/\" class=\"button outline\">Jatka Lukemista<\/a>\n    <\/div>\n<\/div><div class=\"news-item \">\n    <div class=\"news-item-image-wrapper\" style=\"background-image:url('https:\/\/sportotto.com\/wp-content\/uploads\/2025\/09\/Ousmane20DembC3A9lC3A920ja20Aitana20BonmatC3AD20loistivat20Ballon20dE28099Or20gaalassa20E2809320kaikki20voittajat20ja20illan20kohokohdat-2025-09-29T053A023A16.735Z.jpg');\"><\/div>\n    <div class=\"news-item-text-wrapper\">\n        <div class=\"news-title-wrapper\">\n            <div class=\"date\">2025-09-29<\/div>\n            <div class=\"title\">Ousmane Demb\u00e9l\u00e9 ja Aitana Bonmat\u00ed loistivat Ballon d\u2019Or gaalassa \u2013 kaikki voittajat ja illan kohokohdat<\/div>\n        <\/div>\n        <div class=\"excerpt\">Ousmane Demb\u00e9l\u00e9 ja Aitana Bonmat\u00ed loistivat Ballon d\u2019Or gaalassa \u2013 kaikki voittajat ja illan kohokohdat Sunnuntai-iltana Pariisin kirkkaat valot tarjosivat...<\/div>\n    <\/div>\n\n    <div class=\"news-item-cta-wrapper\">\n        <a href=\"https:\/\/sportotto.com\/fi\/uutiset\/ousmane-dembele-ja-aitana-bonmati-loistivat-ballon-dor-gaalassa-kaikki-voittajat-ja-illan-kohokohdat\/\" class=\"button outline\">Jatka Lukemista<\/a>\n    <\/div>\n<\/div><div class=\"news-item \">\n    <div class=\"news-item-image-wrapper\" style=\"background-image:url('https:\/\/sportotto.com\/wp-content\/uploads\/2025\/09\/Suomi20ja20Belgia20tasavC3A4kisessC3A420lentopallotrillerissC3A420E2809320ensimmC3A4inen20erC3A420pC3A4C3A4ttyy20jC3A4nnittC3A4vC3A4C3A4n2012E280931220tilanteeseen-2025-09-28T053A013A55.261Z.jpg');\"><\/div>\n    <div class=\"news-item-text-wrapper\">\n        <div class=\"news-title-wrapper\">\n            <div class=\"date\">2025-09-28<\/div>\n            <div class=\"title\">Suomi ja Belgia tasav\u00e4kisess\u00e4 lentopallotrilleriss\u00e4 \u2013 ensimm\u00e4inen er\u00e4 p\u00e4\u00e4ttyy j\u00e4nnitt\u00e4v\u00e4\u00e4n 12\u201312 tilanteeseen<\/div>\n        <\/div>\n        <div class=\"excerpt\">Suomi ja Belgia tasav\u00e4kisess\u00e4 lentopallotrilleriss\u00e4 \u2013 ensimm\u00e4inen er\u00e4 p\u00e4\u00e4ttyy j\u00e4nnitt\u00e4v\u00e4\u00e4n 12\u201312 tilanteeseen Kun ensimm\u00e4inen er\u00e4 j\u00e4i tasalukemiin, fiilis kent\u00e4ll\u00e4 tiivistyi...<\/div>\n    <\/div>\n\n    <div class=\"news-item-cta-wrapper\">\n        <a href=\"https:\/\/sportotto.com\/fi\/uutiset\/suomi-ja-belgia-tasavakisessa-lentopallotrillerissa-ensimmainen-era-paattyy-jannittavaan-12-12-tilanteeseen\/\" class=\"button outline\">Jatka Lukemista<\/a>\n    <\/div>\n<\/div><div class=\"news-item \">\n    <div class=\"news-item-image-wrapper\" style=\"background-image:url('https:\/\/sportotto.com\/wp-content\/uploads\/2025\/09\/Neugebauer20vs20Garland20tulikuuma20kohtaaminen20joka20voi20mullistaa20raskaan20keskisarjan20nyrkkeilyn-2025-09-27T053A013A55.672Z.jpg');\"><\/div>\n    <div class=\"news-item-text-wrapper\">\n        <div class=\"news-title-wrapper\">\n            <div class=\"date\">2025-09-27<\/div>\n            <div class=\"title\">Neugebauer vs Garland tulikuuma kohtaaminen joka voi mullistaa raskaan keskisarjan nyrkkeilyn<\/div>\n        <\/div>\n        <div class=\"excerpt\">Neugebauer vs Garland tulikuuma kohtaaminen joka voi mullistaa raskaan keskisarjan nyrkkeilyn Raskaan keskisarjan huipulla kuohuu Amerikkalainen Richie Neugebauer on saamassa...<\/div>\n    <\/div>\n\n    <div class=\"news-item-cta-wrapper\">\n        <a href=\"https:\/\/sportotto.com\/fi\/uutiset\/neugebauer-vs-garland-tulikuuma-kohtaaminen-joka-voi-mullistaa-raskaan-keskisarjan-nyrkkeilyn\/\" class=\"button outline\">Jatka Lukemista<\/a>\n    <\/div>\n<\/div><div class=\"news-item \">\n    <div class=\"news-item-image-wrapper\" style=\"background-image:url('https:\/\/sportotto.com\/wp-content\/uploads\/2025\/09\/Syksyn20urheiludraama3A20Barkovin20loukkaantuminen2C20Nurmisen20nousu20ja20suomalaislupausten20kovimmat20haasteet-2025-09-26T053A023A10.582Z.jpg');\"><\/div>\n    <div class=\"news-item-text-wrapper\">\n        <div class=\"news-title-wrapper\">\n            <div class=\"date\">2025-09-26<\/div>\n            <div class=\"title\">Syksyn urheiludraama: Barkovin loukkaantuminen, Nurmisen nousu ja suomalaislupausten kovimmat haasteet<\/div>\n        <\/div>\n        <div class=\"excerpt\">Syksyn urheiludraama: Barkovin loukkaantuminen, Nurmisen nousu ja suomalaislupausten kovimmat haasteet Syksy tekee tuloaan ja sen my\u00f6t\u00e4 suomalaisessa urheilussa alkaa tuttu...<\/div>\n    <\/div>\n\n    <div class=\"news-item-cta-wrapper\">\n        <a href=\"https:\/\/sportotto.com\/fi\/uutiset\/syksyn-urheiludraama-barkovin-loukkaantuminen-nurmisen-nousu-ja-suomalaislupausten-kovimmat-haasteet\/\" class=\"button outline\">Jatka Lukemista<\/a>\n    <\/div>\n<\/div><div class=\"news-item \">\n    <div class=\"news-item-image-wrapper\" style=\"background-image:url('https:\/\/sportotto.com\/wp-content\/uploads\/2025\/09\/Arshad20Nadeemin20uskomaton20matka20olympiakullasta20leikkauspC3B6ydC3A4lle20ja20paluu20kohti209020metrin20unelmaa-2025-09-25T053A023A30.151Z.jpg');\"><\/div>\n    <div class=\"news-item-text-wrapper\">\n        <div class=\"news-title-wrapper\">\n            <div class=\"date\">2025-09-25<\/div>\n            <div class=\"title\">Arshad Nadeemin uskomaton matka olympiakullasta leikkausp\u00f6yd\u00e4lle ja paluu kohti 90 metrin unelmaa<\/div>\n        <\/div>\n        <div class=\"excerpt\">Arshad Nadeemin uskomaton matka olympiakullasta leikkausp\u00f6yd\u00e4lle ja paluu kohti 90 metrin unelmaa Viel\u00e4 viime kes\u00e4n\u00e4 Arshad Nadeem oli Pakistanin sankari....<\/div>\n    <\/div>\n\n    <div class=\"news-item-cta-wrapper\">\n        <a href=\"https:\/\/sportotto.com\/fi\/uutiset\/arshad-nadeemin-uskomaton-matka-olympiakullasta-leikkauspoydalle-ja-paluu-kohti-90-metrin-unelmaa\/\" class=\"button outline\">Jatka Lukemista<\/a>\n    <\/div>\n<\/div><div class=\"news-item \">\n    <div class=\"news-item-image-wrapper\" style=\"background-image:url('https:\/\/sportotto.com\/wp-content\/uploads\/2025\/09\/Koomisia20maaleja2C20skandaaleja20ja20Mourinhon20paluu20E2809320Mestarien20liigan20avausilta20rC3A4jC3A4ytti20potin-2025-09-24T053A023A42.527Z.jpg');\"><\/div>\n    <div class=\"news-item-text-wrapper\">\n        <div class=\"news-title-wrapper\">\n            <div class=\"date\">2025-09-24<\/div>\n            <div class=\"title\">Koomisia maaleja, skandaaleja ja Mourinhon paluu \u2013 Mestarien liigan avausilta r\u00e4j\u00e4ytti potin<\/div>\n        <\/div>\n        <div class=\"excerpt\">Koomisia maaleja, skandaaleja ja Mourinhon paluu \u2013 Mestarien liigan avausilta r\u00e4j\u00e4ytti potin Jalkapallon Mestarien liiga py\u00f6r\u00e4hti k\u00e4yntiin tavalla, joka muistutti...<\/div>\n    <\/div>\n\n    <div class=\"news-item-cta-wrapper\">\n        <a href=\"https:\/\/sportotto.com\/fi\/uutiset\/koomisia-maaleja-skandaaleja-ja-mourinhon-paluu-mestarien-liigan-avausilta-rajaytti-potin\/\" class=\"button outline\">Jatka Lukemista<\/a>\n    <\/div>\n<\/div><div class=\"news-item \">\n    <div class=\"news-item-image-wrapper\" style=\"background-image:url('https:\/\/sportotto.com\/wp-content\/uploads\/2025\/09\/Suomalaisen20yleisurheilun20haasteet20E2809320miksi20132C8620paljastaa20karun20eron20kansainvC3A4liseen20tasoon-2025-09-23T053A023A10.057Z.jpg');\"><\/div>\n    <div class=\"news-item-text-wrapper\">\n        <div class=\"news-title-wrapper\">\n            <div class=\"date\">2025-09-23<\/div>\n            <div class=\"title\">Suomalaisen yleisurheilun haasteet \u2013 miksi 13,86 paljastaa karun eron kansainv\u00e4liseen tasoon<\/div>\n        <\/div>\n        <div class=\"excerpt\">Suomalaisen yleisurheilun haasteet \u2013 miksi 13,86 paljastaa karun eron kansainv\u00e4liseen tasoon Jos haluaa ymm\u00e4rt\u00e4\u00e4, miss\u00e4 suomalainen yleisurheilu t\u00e4ll\u00e4 hetkell\u00e4 menee,...<\/div>\n    <\/div>\n\n    <div class=\"news-item-cta-wrapper\">\n        <a href=\"https:\/\/sportotto.com\/fi\/uutiset\/suomalaisen-yleisurheilun-haasteet-miksi-1386-paljastaa-karun-eron-kansainvaliseen-tasoon\/\" class=\"button outline\">Jatka Lukemista<\/a>\n    <\/div>\n<\/div><div class=\"news-item \">\n    <div class=\"news-item-image-wrapper\" style=\"background-image:url('https:\/\/sportotto.com\/wp-content\/uploads\/2025\/09\/Silja20Kosonen20nelossijan20taistelija20jonka20lC3A4pimurto20hC3A4C3A4mC3B6ttC3A4C3A420Birminghamin20EM20kisoissa202026-2025-09-21T053A023A02.903Z.jpg');\"><\/div>\n    <div class=\"news-item-text-wrapper\">\n        <div class=\"news-title-wrapper\">\n            <div class=\"date\">2025-09-21<\/div>\n            <div class=\"title\">Silja Kosonen nelossijan taistelija jonka l\u00e4pimurto h\u00e4\u00e4m\u00f6tt\u00e4\u00e4 Birminghamin EM kisoissa 2026<\/div>\n        <\/div>\n        <div class=\"excerpt\">Silja Kosonen nelossijan taistelija jonka l\u00e4pimurto h\u00e4\u00e4m\u00f6tt\u00e4\u00e4 Birminghamin EM kisoissa 2026 Silja Kosonen on ollut suomalaisen yleisurheilun suurimpia toivonkipin\u00f6it\u00e4 jo...<\/div>\n    <\/div>\n\n    <div class=\"news-item-cta-wrapper\">\n        <a href=\"https:\/\/sportotto.com\/fi\/uutiset\/silja-kosonen-nelossijan-taistelija-jonka-lapimurto-haamottaa-birminghamin-em-kisoissa-2026\/\" class=\"button outline\">Jatka Lukemista<\/a>\n    <\/div>\n<\/div><div class=\"news-item \">\n    <div class=\"news-item-image-wrapper\" style=\"background-image:url('https:\/\/sportotto.com\/wp-content\/uploads\/2025\/09\/Suomalaisten20tC3A4hdet20loistivat20Allsvenskanissa20E2809320StC3A5hlin20derbytupla20ja20Meriluodon20hattutemppu20veivC3A4t20otsikot-2025-09-20T053A013A30.681Z.jpg');\"><\/div>\n    <div class=\"news-item-text-wrapper\">\n        <div class=\"news-title-wrapper\">\n            <div class=\"date\">2025-09-20<\/div>\n            <div class=\"title\">Suomalaisten t\u00e4hdet loistivat Allsvenskanissa \u2013 St\u00e5hlin derbytupla ja Meriluodon hattutemppu veiv\u00e4t otsikot<\/div>\n        <\/div>\n        <div class=\"excerpt\">Suomalaisten t\u00e4hdet loistivat Allsvenskanissa \u2013 St\u00e5hlin derbytupla ja Meriluodon hattutemppu veiv\u00e4t otsikot Sunnuntai Ruotsin Allsvenskanissa tarjosi suomalaisille jalkapallofaneille tunteikasta draamaa....<\/div>\n    <\/div>\n\n    <div class=\"news-item-cta-wrapper\">\n        <a href=\"https:\/\/sportotto.com\/fi\/uutiset\/suomalaisten-tahdet-loistivat-allsvenskanissa-stahlin-derbytupla-ja-meriluodon-hattutemppu-veivat-otsikot\/\" class=\"button outline\">Jatka Lukemista<\/a>\n    <\/div>\n<\/div><div class=\"news-item \">\n    <div class=\"news-item-image-wrapper\" style=\"background-image:url('https:\/\/sportotto.com\/wp-content\/uploads\/2025\/09\/Alisa20Vainio20nosti20suomalaisen20kestC3A4vyysjuoksun20uudelle20tasolle20Tokion20MM-finaalissa-2025-09-19T053A023A15.093Z.jpg');\"><\/div>\n    <div class=\"news-item-text-wrapper\">\n        <div class=\"news-title-wrapper\">\n            <div class=\"date\">2025-09-19<\/div>\n            <div class=\"title\">Alisa Vainio nosti suomalaisen kest\u00e4vyysjuoksun uudelle tasolle Tokion MM-finaalissa<\/div>\n        <\/div>\n        <div class=\"excerpt\">Alisa Vainio nosti suomalaisen kest\u00e4vyysjuoksun uudelle tasolle Tokion MM-finaalissa Kun Alisa Vainio astui Tokion stadionin radalle 10 000 metrin MM-finaaliin,...<\/div>\n    <\/div>\n\n    <div class=\"news-item-cta-wrapper\">\n        <a href=\"https:\/\/sportotto.com\/fi\/uutiset\/alisa-vainio-nosti-suomalaisen-kestavyysjuoksun-uudelle-tasolle-tokion-mm-finaalissa\/\" class=\"button outline\">Jatka Lukemista<\/a>\n    <\/div>\n<\/div><div class=\"news-item \">\n    <div class=\"news-item-image-wrapper\" style=\"background-image:url('https:\/\/sportotto.com\/wp-content\/uploads\/2025\/09\/Evan20Dunfee20voitti20vihdoin20maailmanmestaruuden20seitsemC3A4nnellC3A420yrityksellC3A4C3A4n20ja20teki20historiaa20Kanadalle-2025-09-18T053A013A43.730Z.jpg');\"><\/div>\n    <div class=\"news-item-text-wrapper\">\n        <div class=\"news-title-wrapper\">\n            <div class=\"date\">2025-09-18<\/div>\n            <div class=\"title\">Evan Dunfee voitti vihdoin maailmanmestaruuden seitsem\u00e4nnell\u00e4 yrityksell\u00e4\u00e4n ja teki historiaa Kanadalle<\/div>\n        <\/div>\n        <div class=\"excerpt\">Evan Dunfee voitti vihdoin maailmanmestaruuden seitsem\u00e4nnell\u00e4 yrityksell\u00e4\u00e4n ja teki historiaa Kanadalle For over a decade, Canadian race walker Evan Dunfee...<\/div>\n    <\/div>\n\n    <div class=\"news-item-cta-wrapper\">\n        <a href=\"https:\/\/sportotto.com\/fi\/uutiset\/evan-dunfee-voitti-vihdoin-maailmanmestaruuden-seitsemannella-yrityksellaan-ja-teki-historiaa-kanadalle\/\" class=\"button outline\">Jatka Lukemista<\/a>\n    <\/div>\n<\/div><div class=\"news-item \">\n    <div class=\"news-item-image-wrapper\" style=\"background-image:url('https:\/\/sportotto.com\/wp-content\/uploads\/2025\/09\/Suomen20moukarinaiset20valmiina20Tokion20MM-kisoihin20E2809320Tervo20ja20Kosonen20metsC3A4stC3A4vC3A4t20mitaleja20Niiranen20haastajana-2025-09-17T053A023A21.500Z.jpg');\"><\/div>\n    <div class=\"news-item-text-wrapper\">\n        <div class=\"news-title-wrapper\">\n            <div class=\"date\">2025-09-17<\/div>\n            <div class=\"title\">Suomen moukarinaiset valmiina Tokion MM-kisoihin \u2013 Tervo ja Kosonen mets\u00e4st\u00e4v\u00e4t mitaleja Niiranen haastajana<\/div>\n        <\/div>\n        <div class=\"excerpt\">Suomen moukarinaiset valmiina Tokion MM-kisoihin \u2013 Tervo ja Kosonen mets\u00e4st\u00e4v\u00e4t mitaleja Niiranen haastajana Jos suomalaisessa yleisurheilussa on yksi laji, johon...<\/div>\n    <\/div>\n\n    <div class=\"news-item-cta-wrapper\">\n        <a href=\"https:\/\/sportotto.com\/fi\/uutiset\/suomen-moukarinaiset-valmiina-tokion-mm-kisoihin-tervo-ja-kosonen-metsastavat-mitaleja-niiranen-haastajana\/\" class=\"button outline\">Jatka Lukemista<\/a>\n    <\/div>\n<\/div><div class=\"news-item \">\n    <div class=\"news-item-image-wrapper\" style=\"background-image:url('https:\/\/sportotto.com\/wp-content\/uploads\/2025\/09\/Reetta20Hurske20jC3A4ttC3A4C3A420MM-kisat20vC3A4liin20E2809320rohkea20pC3A4C3A4tC3B6s20terveyden20ja20tulevaisuuden20puolesta-2025-09-16T053A013A56.360Z.jpg');\"><\/div>\n    <div class=\"news-item-text-wrapper\">\n        <div class=\"news-title-wrapper\">\n            <div class=\"date\">2025-09-16<\/div>\n            <div class=\"title\">Reetta Hurske j\u00e4tt\u00e4\u00e4 MM-kisat v\u00e4liin \u2013 rohkea p\u00e4\u00e4t\u00f6s terveyden ja tulevaisuuden puolesta<\/div>\n        <\/div>\n        <div class=\"excerpt\">Reetta Hurske j\u00e4tt\u00e4\u00e4 MM-kisat v\u00e4liin \u2013 rohkea p\u00e4\u00e4t\u00f6s terveyden ja tulevaisuuden puolesta Kun huippu-urheilijan ura on vaakalaudalla, joskus suurin rohkeus...<\/div>\n    <\/div>\n\n    <div class=\"news-item-cta-wrapper\">\n        <a href=\"https:\/\/sportotto.com\/fi\/uutiset\/reetta-hurske-jattaa-mm-kisat-valiin-rohkea-paatos-terveyden-ja-tulevaisuuden-puolesta\/\" class=\"button outline\">Jatka Lukemista<\/a>\n    <\/div>\n<\/div><div class=\"news-item \">\n    <div class=\"news-item-image-wrapper\" style=\"background-image:url('https:\/\/sportotto.com\/wp-content\/uploads\/2025\/09\/Kromosomitestit20jakavat20yleisurheilumaailman20ennen20Tokion20MM20kisoja20yli209520prosenttia20testeistC3A420jo20tehty-2025-09-15T053A023A10.861Z.jpg');\"><\/div>\n    <div class=\"news-item-text-wrapper\">\n        <div class=\"news-title-wrapper\">\n            <div class=\"date\">2025-09-15<\/div>\n            <div class=\"title\">Kromosomitestit jakavat yleisurheilumaailman ennen Tokion MM kisoja yli 95 prosenttia testeist\u00e4 jo tehty<\/div>\n        <\/div>\n        <div class=\"excerpt\">Kromosomitestit jakavat yleisurheilumaailman ennen Tokion MM kisoja yli 95 prosenttia testeist\u00e4 jo tehty Kun vuoden 2025 yleisurheilun MM-kisat Tokiossa l\u00e4hestyv\u00e4t,...<\/div>\n    <\/div>\n\n    <div class=\"news-item-cta-wrapper\">\n        <a href=\"https:\/\/sportotto.com\/fi\/uutiset\/kromosomitestit-jakavat-yleisurheilumaailman-ennen-tokion-mm-kisoja-yli-95-prosenttia-testeista-jo-tehty\/\" class=\"button outline\">Jatka Lukemista<\/a>\n    <\/div>\n<\/div><div class=\"news-item \">\n    <div class=\"news-item-image-wrapper\" style=\"background-image:url('https:\/\/sportotto.com\/wp-content\/uploads\/2025\/09\/Salibandyn20suurin20kriisi20vuosikymmeneen20E2809320vedonlyC3B6ntiskandaali20ravistelee20F-liigaa20ja20horjuttaa20koko20urheilun20uskottavuutta-2025-09-14T053A023A05.551Z.jpg');\"><\/div>\n    <div class=\"news-item-text-wrapper\">\n        <div class=\"news-title-wrapper\">\n            <div class=\"date\">2025-09-14<\/div>\n            <div class=\"title\">Salibandyn suurin kriisi vuosikymmeneen \u2013 vedonly\u00f6ntiskandaali ravistelee F-liigaa ja horjuttaa koko urheilun uskottavuutta<\/div>\n        <\/div>\n        <div class=\"excerpt\">Salibandyn suurin kriisi vuosikymmeneen \u2013 vedonly\u00f6ntiskandaali ravistelee F-liigaa ja horjuttaa koko urheilun uskottavuutta Suomalainen salibandy on joutunut myrskyn silm\u00e4\u00e4n, kun...<\/div>\n    <\/div>\n\n    <div class=\"news-item-cta-wrapper\">\n        <a href=\"https:\/\/sportotto.com\/fi\/uutiset\/salibandyn-suurin-kriisi-vuosikymmeneen-vedonlyontiskandaali-ravistelee-f-liigaa-ja-horjuttaa-koko-urheilun-uskottavuutta\/\" class=\"button outline\">Jatka Lukemista<\/a>\n    <\/div>\n<\/div><div class=\"news-item \">\n    <div class=\"news-item-image-wrapper\" style=\"background-image:url('https:\/\/sportotto.com\/wp-content\/uploads\/2025\/09\/Robert20Lewandowski20johdattaa20Puolan202E28093020johtoon20ennen20taukoa20E2809320kapteeni20ratkaisee20jC3A4lleen-2025-09-13T053A013A55.997Z.jpg');\"><\/div>\n    <div class=\"news-item-text-wrapper\">\n        <div class=\"news-title-wrapper\">\n            <div class=\"date\">2025-09-13<\/div>\n            <div class=\"title\">Robert Lewandowski johdattaa Puolan 2\u20130 johtoon ennen taukoa \u2013 kapteeni ratkaisee j\u00e4lleen<\/div>\n        <\/div>\n        <div class=\"excerpt\">Robert Lewandowski johdattaa Puolan 2\u20130 johtoon ennen taukoa \u2013 kapteeni ratkaisee j\u00e4lleen It was one of those moments you could...<\/div>\n    <\/div>\n\n    <div class=\"news-item-cta-wrapper\">\n        <a href=\"https:\/\/sportotto.com\/fi\/uutiset\/robert-lewandowski-johdattaa-puolan-2-0-johtoon-ennen-taukoa-kapteeni-ratkaisee-jalleen\/\" class=\"button outline\">Jatka Lukemista<\/a>\n    <\/div>\n<\/div><div class=\"news-item \">\n    <div class=\"news-item-image-wrapper\" style=\"background-image:url('https:\/\/sportotto.com\/wp-content\/uploads\/2025\/09\/Nora20Heroum20hurmasi20tC3A4ydellisellC3A420hattutempulla20ja20HJK20otti20jC3A4ttiaskeleen20kohti20mestaruutta20Kansallisessa20liigassa-2025-09-12T053A023A00.216Z.jpg');\"><\/div>\n    <div class=\"news-item-text-wrapper\">\n        <div class=\"news-title-wrapper\">\n            <div class=\"date\">2025-09-12<\/div>\n            <div class=\"title\">Nora Heroum hurmasi t\u00e4ydellisell\u00e4 hattutempulla ja HJK otti j\u00e4ttiaskeleen kohti mestaruutta Kansallisessa liigassa<\/div>\n        <\/div>\n        <div class=\"excerpt\">Nora Heroum hurmasi t\u00e4ydellisell\u00e4 hattutempulla ja HJK otti j\u00e4ttiaskeleen kohti mestaruutta Kansallisessa liigassa Lauantai-iltap\u00e4iv\u00e4ss\u00e4 T\u00f6\u00f6l\u00f6ss\u00e4 n\u00e4htiin yksi kauden syk\u00e4hdytt\u00e4vimmist\u00e4 hetkist\u00e4,...<\/div>\n    <\/div>\n\n    <div class=\"news-item-cta-wrapper\">\n        <a href=\"https:\/\/sportotto.com\/fi\/uutiset\/nora-heroum-hurmasi-taydellisella-hattutempulla-ja-hjk-otti-jattiaskeleen-kohti-mestaruutta-kansallisessa-liigassa\/\" class=\"button outline\">Jatka Lukemista<\/a>\n    <\/div>\n<\/div><div class=\"news-item \">\n    <div class=\"news-item-image-wrapper\" style=\"background-image:url('https:\/\/sportotto.com\/wp-content\/uploads\/2025\/09\/Aryna20Sabalenka20kohtaa20Amanda20Anisimovan20US20Openin20finaalissa20E2809320luvassa20kostorevanssi20ja20historiallinen20tennistaistelu20New20Yorkissa-2025-09-11T053A013A56.753Z.jpg');\"><\/div>\n    <div class=\"news-item-text-wrapper\">\n        <div class=\"news-title-wrapper\">\n            <div class=\"date\">2025-09-11<\/div>\n            <div class=\"title\">Aryna Sabalenka kohtaa Amanda Anisimovan US Openin finaalissa \u2013 luvassa kostorevanssi ja historiallinen tennistaistelu New Yorkissa<\/div>\n        <\/div>\n        <div class=\"excerpt\">Aryna Sabalenka kohtaa Amanda Anisimovan US Openin finaalissa \u2013 luvassa kostorevanssi ja historiallinen tennistaistelu New Yorkissa New York valmistautuu viikonloppuna...<\/div>\n    <\/div>\n\n    <div class=\"news-item-cta-wrapper\">\n        <a href=\"https:\/\/sportotto.com\/fi\/uutiset\/aryna-sabalenka-kohtaa-amanda-anisimovan-us-openin-finaalissa-luvassa-kostorevanssi-ja-historiallinen-tennistaistelu-new-yorkissa\/\" class=\"button outline\">Jatka Lukemista<\/a>\n    <\/div>\n<\/div><div class=\"news-item \">\n    <div class=\"news-item-image-wrapper\" style=\"background-image:url('https:\/\/sportotto.com\/wp-content\/uploads\/2025\/09\/Kolme20uutta20tC3A4hteC3A420Huuhkajiin20Adam20Marhievin20rohkea20pC3A4C3A4tC3B6s20ja20syksyn20kovimmat20haasteet-2025-09-10T053A013A38.811Z.jpg');\"><\/div>\n    <div class=\"news-item-text-wrapper\">\n        <div class=\"news-title-wrapper\">\n            <div class=\"date\">2025-09-10<\/div>\n            <div class=\"title\">Kolme uutta t\u00e4hte\u00e4 Huuhkajiin Adam Marhievin rohkea p\u00e4\u00e4t\u00f6s ja syksyn kovimmat haasteet<\/div>\n        <\/div>\n        <div class=\"excerpt\">Kolme uutta t\u00e4hte\u00e4 Huuhkajiin Adam Marhievin rohkea p\u00e4\u00e4t\u00f6s ja syksyn kovimmat haasteet Kun Suomen jalkapallomaajoukkue valmistautuu syyskuun otteluihin, riveihin liittyy...<\/div>\n    <\/div>\n\n    <div class=\"news-item-cta-wrapper\">\n        <a href=\"https:\/\/sportotto.com\/fi\/uutiset\/kolme-uutta-tahtea-huuhkajiin-adam-marhievin-rohkea-paatos-ja-syksyn-kovimmat-haasteet\/\" class=\"button outline\">Jatka Lukemista<\/a>\n    <\/div>\n<\/div><div class=\"news-item \">\n    <div class=\"news-item-image-wrapper\" style=\"background-image:url('https:\/\/sportotto.com\/wp-content\/uploads\/2025\/09\/Novak20Djokovic20eteni20US20Openin20vC3A4lieriin20ja20hurmasi20yleisC3B6n20tanssillaan20E2809320luvassa20jC3A4ttilC3A4isten20kohtaaminen20Alcarazin20kanssa-2025-09-09T053A013A44.657Z.jpg');\"><\/div>\n    <div class=\"news-item-text-wrapper\">\n        <div class=\"news-title-wrapper\">\n            <div class=\"date\">2025-09-09<\/div>\n            <div class=\"title\">Novak Djokovic eteni US Openin v\u00e4lieriin ja hurmasi yleis\u00f6n tanssillaan \u2013 luvassa j\u00e4ttil\u00e4isten kohtaaminen Alcarazin kanssa<\/div>\n        <\/div>\n        <div class=\"excerpt\">Novak Djokovic eteni US Openin v\u00e4lieriin ja hurmasi yleis\u00f6n tanssillaan \u2013 luvassa j\u00e4ttil\u00e4isten kohtaaminen Alcarazin kanssa Novak Djokovic teki sen...<\/div>\n    <\/div>\n\n    <div class=\"news-item-cta-wrapper\">\n        <a href=\"https:\/\/sportotto.com\/fi\/uutiset\/novak-djokovic-eteni-us-openin-valieriin-ja-hurmasi-yleison-tanssillaan-luvassa-jattilaisten-kohtaaminen-alcarazin-kanssa\/\" class=\"button outline\">Jatka Lukemista<\/a>\n    <\/div>\n<\/div><div class=\"news-item \">\n    <div class=\"news-item-image-wrapper\" style=\"background-image:url('https:\/\/sportotto.com\/wp-content\/uploads\/2025\/09\/Pihla20Kaivo20oja20jahtaa20mitalia20Liverpoolin20nyrkkeilyn20MM20kisoissa20E2809320suomalaisen20nyrkkeilyn20uusi20tC3A4hti20tC3A4htC3A4C3A420olympiahuipulle-2025-09-08T053A013A38.238Z.jpg');\"><\/div>\n    <div class=\"news-item-text-wrapper\">\n        <div class=\"news-title-wrapper\">\n            <div class=\"date\">2025-09-08<\/div>\n            <div class=\"title\">Pihla Kaivo oja jahtaa mitalia Liverpoolin nyrkkeilyn MM kisoissa \u2013 suomalaisen nyrkkeilyn uusi t\u00e4hti t\u00e4ht\u00e4\u00e4 olympiahuipulle<\/div>\n        <\/div>\n        <div class=\"excerpt\">Pihla Kaivo oja jahtaa mitalia Liverpoolin nyrkkeilyn MM kisoissa \u2013 suomalaisen nyrkkeilyn uusi t\u00e4hti t\u00e4ht\u00e4\u00e4 olympiahuipulle Suomalaisessa nyrkkeilyss\u00e4 elet\u00e4\u00e4n parhaillaan...<\/div>\n    <\/div>\n\n    <div class=\"news-item-cta-wrapper\">\n        <a href=\"https:\/\/sportotto.com\/fi\/uutiset\/pihla-kaivo-oja-jahtaa-mitalia-liverpoolin-nyrkkeilyn-mm-kisoissa-suomalaisen-nyrkkeilyn-uusi-tahti-tahtaa-olympiahuipulle\/\" class=\"button outline\">Jatka Lukemista<\/a>\n    <\/div>\n<\/div><div class=\"news-item \">\n    <div class=\"news-item-image-wrapper\" style=\"background-image:url('https:\/\/sportotto.com\/wp-content\/uploads\/2025\/09\/Imane20Khelif20haastaa20World20Boxingin20sukupuolitestivaatimuksen20E2809320kiista20voi20mullistaa20koko20urheilumaailman-2025-09-07T053A013A53.987Z.jpg');\"><\/div>\n    <div class=\"news-item-text-wrapper\">\n        <div class=\"news-title-wrapper\">\n            <div class=\"date\">2025-09-07<\/div>\n            <div class=\"title\">Imane Khelif haastaa World Boxingin sukupuolitestivaatimuksen \u2013 kiista voi mullistaa koko urheilumaailman<\/div>\n        <\/div>\n        <div class=\"excerpt\">Imane Khelif haastaa World Boxingin sukupuolitestivaatimuksen \u2013 kiista voi mullistaa koko urheilumaailman Kun algerialainen nyrkkeilij\u00e4 Imane Khelif nousi keh\u00e4\u00e4n Pariisin...<\/div>\n    <\/div>\n\n    <div class=\"news-item-cta-wrapper\">\n        <a href=\"https:\/\/sportotto.com\/fi\/uutiset\/imane-khelif-haastaa-world-boxingin-sukupuolitestivaatimuksen-kiista-voi-mullistaa-koko-urheilumaailman\/\" class=\"button outline\">Jatka Lukemista<\/a>\n    <\/div>\n<\/div><div class=\"news-item \">\n    <div class=\"news-item-image-wrapper\" style=\"background-image:url('https:\/\/sportotto.com\/wp-content\/uploads\/2025\/09\/Oulun20Lippo20Naiset20nousi20Superpesikseen20seitsemC3A4n20vuoden20jC3A4lkeen20E2809320unelmasta20koko20kaupungin20voittotarina-2025-09-06T053A013A46.010Z.jpg');\"><\/div>\n    <div class=\"news-item-text-wrapper\">\n        <div class=\"news-title-wrapper\">\n            <div class=\"date\">2025-09-06<\/div>\n            <div class=\"title\">Oulun Lippo Naiset nousi Superpesikseen seitsem\u00e4n vuoden j\u00e4lkeen \u2013 unelmasta koko kaupungin voittotarina<\/div>\n        <\/div>\n        <div class=\"excerpt\">Oulun Lippo Naiset nousi Superpesikseen seitsem\u00e4n vuoden j\u00e4lkeen \u2013 unelmasta koko kaupungin voittotarina Oulussa koettiin sunnuntaina 24. elokuuta hetki, jota...<\/div>\n    <\/div>\n\n    <div class=\"news-item-cta-wrapper\">\n        <a href=\"https:\/\/sportotto.com\/fi\/uutiset\/oulun-lippo-naiset-nousi-superpesikseen-seitseman-vuoden-jalkeen-unelmasta-koko-kaupungin-voittotarina\/\" class=\"button outline\">Jatka Lukemista<\/a>\n    <\/div>\n<\/div><div class=\"news-item \">\n    <div class=\"news-item-image-wrapper\" style=\"background-image:url('https:\/\/sportotto.com\/wp-content\/uploads\/2025\/09\/Manchester20United20lC3B6ysi20helpotuksen20cup-hC3A4peC3A4n20jC3A4lkeen20E2809320Fernandes20sankarina20trillerissC3A420Burnleyta20vastaan20Old20Traffordilla-2025-09-05T053A013A58.645Z.jpg');\"><\/div>\n    <div class=\"news-item-text-wrapper\">\n        <div class=\"news-title-wrapper\">\n            <div class=\"date\">2025-09-05<\/div>\n            <div class=\"title\">Manchester United l\u00f6ysi helpotuksen cup-h\u00e4pe\u00e4n j\u00e4lkeen \u2013 Fernandes sankarina trilleriss\u00e4 Burnleyta vastaan Old Traffordilla<\/div>\n        <\/div>\n        <div class=\"excerpt\">Manchester United l\u00f6ysi helpotuksen cup-h\u00e4pe\u00e4n j\u00e4lkeen \u2013 Fernandes sankarina trilleriss\u00e4 Burnleyta vastaan Old Traffordilla Old Traffordilla sunnuntai-iltana n\u00e4htiin juuri sellaista...<\/div>\n    <\/div>\n\n    <div class=\"news-item-cta-wrapper\">\n        <a href=\"https:\/\/sportotto.com\/fi\/uutiset\/manchester-united-loysi-helpotuksen-cup-hapean-jalkeen-fernandes-sankarina-trillerissa-burnleyta-vastaan-old-traffordilla\/\" class=\"button outline\">Jatka Lukemista<\/a>\n    <\/div>\n<\/div><div class=\"news-item \">\n    <div class=\"news-item-image-wrapper\" style=\"background-image:url('https:\/\/sportotto.com\/wp-content\/uploads\/2025\/09\/Karsten20Warholm20omisti20voittonsa20isoC3A4idilleen20ZC3BCrichissC3A420E2809320tunteikas20ennC3A4tysjuoksu20ja20vahva20viesti20kohti20Tokion20MM20kisoja-2025-09-04T053A013A37.417Z.jpg');\"><\/div>\n    <div class=\"news-item-text-wrapper\">\n        <div class=\"news-title-wrapper\">\n            <div class=\"date\">2025-09-04<\/div>\n            <div class=\"title\">Karsten Warholm omisti voittonsa iso\u00e4idilleen Z\u00fcrichiss\u00e4 \u2013 tunteikas enn\u00e4tysjuoksu ja vahva viesti kohti Tokion MM kisoja<\/div>\n        <\/div>\n        <div class=\"excerpt\">Karsten Warholm omisti voittonsa iso\u00e4idilleen Z\u00fcrichiss\u00e4 \u2013 tunteikas enn\u00e4tysjuoksu ja vahva viesti kohti Tokion MM kisoja Norjan oma pikajuoksun ylpeys...<\/div>\n    <\/div>\n\n    <div class=\"news-item-cta-wrapper\">\n        <a href=\"https:\/\/sportotto.com\/fi\/uutiset\/karsten-warholm-omisti-voittonsa-isoaidilleen-zurichissa-tunteikas-ennatysjuoksu-ja-vahva-viesti-kohti-tokion-mm-kisoja\/\" class=\"button outline\">Jatka Lukemista<\/a>\n    <\/div>\n<\/div><div class=\"news-item \">\n    <div class=\"news-item-image-wrapper\" style=\"background-image:url('https:\/\/sportotto.com\/wp-content\/uploads\/2025\/09\/HIFK20Gymnastics20sC3A4ilyttC3A4C3A420tukirahansa20E2809320selkC3A4vammat20toivat20isot20muutokset20ja20urheiluturvallisuus20nousi20keskiC3B6C3B6n-2025-09-03T053A023A18.565Z.jpg');\"><\/div>\n    <div class=\"news-item-text-wrapper\">\n        <div class=\"news-title-wrapper\">\n            <div class=\"date\">2025-09-03<\/div>\n            <div class=\"title\">HIFK Gymnastics s\u00e4ilytt\u00e4\u00e4 tukirahansa \u2013 selk\u00e4vammat toivat isot muutokset ja urheiluturvallisuus nousi keski\u00f6\u00f6n<\/div>\n        <\/div>\n        <div class=\"excerpt\">HIFK Gymnastics s\u00e4ilytt\u00e4\u00e4 tukirahansa \u2013 selk\u00e4vammat toivat isot muutokset ja urheiluturvallisuus nousi keski\u00f6\u00f6n Totally! T\u00e4ss\u00e4 on tiivistetty \u201cpikakatsaus\u201d-versio, joka sopii...<\/div>\n    <\/div>\n\n    <div class=\"news-item-cta-wrapper\">\n        <a href=\"https:\/\/sportotto.com\/fi\/uutiset\/hifk-gymnastics-sailyttaa-tukirahansa-selkavammat-toivat-isot-muutokset-ja-urheiluturvallisuus-nousi-keskioon\/\" class=\"button outline\">Jatka Lukemista<\/a>\n    <\/div>\n<\/div><div class=\"news-item \">\n    <div class=\"news-item-image-wrapper\" style=\"background-image:url('https:\/\/sportotto.com\/wp-content\/uploads\/2025\/09\/Huuhkajat20julkaisi20syyskuun20joukkueen20Oiva20Jukkola20yllC3A4tti20ja20katseet20kC3A4C3A4ntyvC3A4t20Puolan20MM20karsintaotteluun-2025-09-02T053A013A34.841Z.jpg');\"><\/div>\n    <div class=\"news-item-text-wrapper\">\n        <div class=\"news-title-wrapper\">\n            <div class=\"date\">2025-09-02<\/div>\n            <div class=\"title\">Huuhkajat julkaisi syyskuun joukkueen Oiva Jukkola yll\u00e4tti ja katseet k\u00e4\u00e4ntyv\u00e4t Puolan MM karsintaotteluun<\/div>\n        <\/div>\n        <div class=\"excerpt\">Huuhkajat julkaisi syyskuun joukkueen Oiva Jukkola yll\u00e4tti ja katseet k\u00e4\u00e4ntyv\u00e4t Puolan MM karsintaotteluun Ilman muuta! T\u00e4ss\u00e4 on tiivistetty ja helposti...<\/div>\n    <\/div>\n\n    <div class=\"news-item-cta-wrapper\">\n        <a href=\"https:\/\/sportotto.com\/fi\/uutiset\/huuhkajat-julkaisi-syyskuun-joukkueen-oiva-jukkola-yllatti-ja-katseet-kaantyvat-puolan-mm-karsintaotteluun\/\" class=\"button outline\">Jatka Lukemista<\/a>\n    <\/div>\n<\/div><div class=\"news-item \">\n    <div class=\"news-item-image-wrapper\" style=\"background-image:url('https:\/\/sportotto.com\/wp-content\/uploads\/2025\/09\/Saksan20koripallomaajoukkue20shokissa20EME28091kisojen20alla20E2809320pC3A4C3A4valmentaja20Alex20Mumbru20sairaalaan20ja20Susijengi20haistaa20mahdollisuutensa-2025-09-01T053A023A23.236Z.jpg');\"><\/div>\n    <div class=\"news-item-text-wrapper\">\n        <div class=\"news-title-wrapper\">\n            <div class=\"date\">2025-09-01<\/div>\n            <div class=\"title\">Saksan koripallomaajoukkue shokissa EM\u2011kisojen alla \u2013 p\u00e4\u00e4valmentaja Alex Mumbru sairaalaan ja Susijengi haistaa mahdollisuutensa<\/div>\n        <\/div>\n        <div class=\"excerpt\">Saksan koripallomaajoukkue shokissa EM\u2011kisojen alla \u2013 p\u00e4\u00e4valmentaja Alex Mumbru sairaalaan ja Susijengi haistaa mahdollisuutensa Tampereen EM-parketilla elet\u00e4\u00e4n jo ennen ensimm\u00e4ist\u00e4...<\/div>\n    <\/div>\n\n    <div class=\"news-item-cta-wrapper\">\n        <a href=\"https:\/\/sportotto.com\/fi\/uutiset\/saksan-koripallomaajoukkue-shokissa-em%e2%80%91kisojen-alla-paavalmentaja-alex-mumbru-sairaalaan-ja-susijengi-haistaa-mahdollisuutensa\/\" class=\"button outline\">Jatka Lukemista<\/a>\n    <\/div>\n<\/div><div class=\"news-item \">\n    <div class=\"news-item-image-wrapper\" style=\"background-image:url('https:\/\/sportotto.com\/wp-content\/uploads\/2025\/08\/Sabalenka20ja20Djokovic20loistivat20U20S20Openin20avauksessa20E2809320amerikkalaispelaajat20sytyttivC3A4t20kotiyleisC3B6n-2025-08-31T053A013A58.560Z.jpg');\"><\/div>\n    <div class=\"news-item-text-wrapper\">\n        <div class=\"news-title-wrapper\">\n            <div class=\"date\">2025-08-31<\/div>\n            <div class=\"title\">Sabalenka ja Djokovic loistivat U S Openin avauksessa \u2013 amerikkalaispelaajat sytyttiv\u00e4t kotiyleis\u00f6n<\/div>\n        <\/div>\n        <div class=\"excerpt\">Sabalenka ja Djokovic loistivat U S Openin avauksessa \u2013 amerikkalaispelaajat sytyttiv\u00e4t kotiyleis\u00f6n Kun U.S. Open py\u00f6r\u00e4hti k\u00e4yntiin New Yorkissa, Flushing...<\/div>\n    <\/div>\n\n    <div class=\"news-item-cta-wrapper\">\n        <a href=\"https:\/\/sportotto.com\/fi\/uutiset\/sabalenka-ja-djokovic-loistivat-u-s-openin-avauksessa-amerikkalaispelaajat-sytyttivat-kotiyleison\/\" class=\"button outline\">Jatka Lukemista<\/a>\n    <\/div>\n<\/div><div class=\"news-item \">\n    <div class=\"news-item-image-wrapper\" style=\"background-image:url('https:\/\/sportotto.com\/wp-content\/uploads\/2025\/08\/Kun20Suomi20ja20Ruotsi20sytyttivC3A4t20stadionin20E2809320Anders20GC3A4rderud20muistelee20maaottelun20intohimoa20ja20kiihkeC3A4C3A420kilpailuhenkeC3A4-2025-08-30T053A013A33.887Z.jpg');\"><\/div>\n    <div class=\"news-item-text-wrapper\">\n        <div class=\"news-title-wrapper\">\n            <div class=\"date\">2025-08-30<\/div>\n            <div class=\"title\">Kun Suomi ja Ruotsi sytyttiv\u00e4t stadionin \u2013 Anders G\u00e4rderud muistelee maaottelun intohimoa ja kiihke\u00e4\u00e4 kilpailuhenke\u00e4<\/div>\n        <\/div>\n        <div class=\"excerpt\">Kun Suomi ja Ruotsi sytyttiv\u00e4t stadionin \u2013 Anders G\u00e4rderud muistelee maaottelun intohimoa ja kiihke\u00e4\u00e4 kilpailuhenke\u00e4 Suomen ja Ruotsin v\u00e4linen yleisurheilumaaottelu...<\/div>\n    <\/div>\n\n    <div class=\"news-item-cta-wrapper\">\n        <a href=\"https:\/\/sportotto.com\/fi\/uutiset\/kun-suomi-ja-ruotsi-sytyttivat-stadionin-anders-garderud-muistelee-maaottelun-intohimoa-ja-kiihkeaa-kilpailuhenkea\/\" class=\"button outline\">Jatka Lukemista<\/a>\n    <\/div>\n<\/div><div class=\"news-item \">\n    <div class=\"news-item-image-wrapper\" style=\"background-image:url('https:\/\/sportotto.com\/wp-content\/uploads\/2025\/08\/Joel20Pohjanpalo20ratkaisi20Palermolle20voiton20kauden20avauksessa20E2809320suomalaisduo20sytyttC3A4C3A420Serie20B20unelmaan-2025-08-29T053A023A05.112Z.jpg');\"><\/div>\n    <div class=\"news-item-text-wrapper\">\n        <div class=\"news-title-wrapper\">\n            <div class=\"date\">2025-08-29<\/div>\n            <div class=\"title\">Joel Pohjanpalo ratkaisi Palermolle voiton kauden avauksessa \u2013 suomalaisduo sytytt\u00e4\u00e4 Serie B unelmaan<\/div>\n        <\/div>\n        <div class=\"excerpt\">Joel Pohjanpalo ratkaisi Palermolle voiton kauden avauksessa \u2013 suomalaisduo sytytt\u00e4\u00e4 Serie B unelmaan Palermossa uusi Serie B -kausi k\u00e4ynnistyi suomalaisittain...<\/div>\n    <\/div>\n\n    <div class=\"news-item-cta-wrapper\">\n        <a href=\"https:\/\/sportotto.com\/fi\/uutiset\/joel-pohjanpalo-ratkaisi-palermolle-voiton-kauden-avauksessa-suomalaisduo-sytyttaa-serie-b-unelmaan\/\" class=\"button outline\">Jatka Lukemista<\/a>\n    <\/div>\n<\/div><div class=\"news-item \">\n    <div class=\"news-item-image-wrapper\" style=\"background-image:url('https:\/\/sportotto.com\/wp-content\/uploads\/2025\/08\/Thierry20Neuville20jatkaa20Hyundain20tC3A4htikuljettajana20E2809320mitC3A420rallin20maailmanmestari20tavoittelee20kaudella202025-2025-08-28T053A023A07.952Z.jpg');\"><\/div>\n    <div class=\"news-item-text-wrapper\">\n        <div class=\"news-title-wrapper\">\n            <div class=\"date\">2025-08-28<\/div>\n            <div class=\"title\">Thierry Neuville jatkaa Hyundain t\u00e4htikuljettajana \u2013 mit\u00e4 rallin maailmanmestari tavoittelee kaudella 2025<\/div>\n        <\/div>\n        <div class=\"excerpt\">Thierry Neuville jatkaa Hyundain t\u00e4htikuljettajana \u2013 mit\u00e4 rallin maailmanmestari tavoittelee kaudella 2025 Kun puhutaan rallista, Thierry Neuvillen nimi nousee l\u00e4hes...<\/div>\n    <\/div>\n\n    <div class=\"news-item-cta-wrapper\">\n        <a href=\"https:\/\/sportotto.com\/fi\/uutiset\/thierry-neuville-jatkaa-hyundain-tahtikuljettajana-mita-rallin-maailmanmestari-tavoittelee-kaudella-2025\/\" class=\"button outline\">Jatka Lukemista<\/a>\n    <\/div>\n<\/div><div class=\"news-item \">\n    <div class=\"news-item-image-wrapper\" style=\"background-image:url('https:\/\/sportotto.com\/wp-content\/uploads\/2025\/08\/Lizbeth20Ovallen20ennC3A4tyssiirto20Orlando20Prideen20mullistaa20naisten20jalkapallon20ja20nC3A4yttC3A4C3A420tien20uudelle20aikakaudelle-2025-08-27T053A023A00.011Z.jpg');\"><\/div>\n    <div class=\"news-item-text-wrapper\">\n        <div class=\"news-title-wrapper\">\n            <div class=\"date\">2025-08-27<\/div>\n            <div class=\"title\">Lizbeth Ovallen enn\u00e4tyssiirto Orlando Prideen mullistaa naisten jalkapallon ja n\u00e4ytt\u00e4\u00e4 tien uudelle aikakaudelle<\/div>\n        <\/div>\n        <div class=\"excerpt\">Lizbeth Ovallen enn\u00e4tyssiirto Orlando Prideen mullistaa naisten jalkapallon ja n\u00e4ytt\u00e4\u00e4 tien uudelle aikakaudelle Naisten jalkapallo el\u00e4\u00e4 parhaillaan murroskautta. Siirtomarkkinat, jotka...<\/div>\n    <\/div>\n\n    <div class=\"news-item-cta-wrapper\">\n        <a href=\"https:\/\/sportotto.com\/fi\/uutiset\/lizbeth-ovallen-ennatyssiirto-orlando-prideen-mullistaa-naisten-jalkapallon-ja-nayttaa-tien-uudelle-aikakaudelle\/\" class=\"button outline\">Jatka Lukemista<\/a>\n    <\/div>\n<\/div><div class=\"news-item \">\n    <div class=\"news-item-image-wrapper\" style=\"background-image:url('https:\/\/sportotto.com\/wp-content\/uploads\/2025\/08\/FC3A1bio20teki20historiaa20E2809320brasilialaismaalivahti20rikkoi20maailmanennC3A4tyksen20ottelumC3A4C3A4rissC3A420ja20jatkaa20yhC3A420huipulla-2025-08-26T053A013A49.868Z.jpg');\"><\/div>\n    <div class=\"news-item-text-wrapper\">\n        <div class=\"news-title-wrapper\">\n            <div class=\"date\">2025-08-26<\/div>\n            <div class=\"title\">F\u00e1bio teki historiaa \u2013 brasilialaismaalivahti rikkoi maailmanenn\u00e4tyksen ottelum\u00e4\u00e4riss\u00e4 ja jatkaa yh\u00e4 huipulla<\/div>\n        <\/div>\n        <div class=\"excerpt\">F\u00e1bio teki historiaa \u2013 brasilialaismaalivahti rikkoi maailmanenn\u00e4tyksen ottelum\u00e4\u00e4riss\u00e4 ja jatkaa yh\u00e4 huipulla Jos joku olisi sanonut vuonna 1997, ett\u00e4 19-vuotiaasta...<\/div>\n    <\/div>\n\n    <div class=\"news-item-cta-wrapper\">\n        <a href=\"https:\/\/sportotto.com\/fi\/uutiset\/fabio-teki-historiaa-brasilialaismaalivahti-rikkoi-maailmanennatyksen-ottelumaarissa-ja-jatkaa-yha-huipulla\/\" class=\"button outline\">Jatka Lukemista<\/a>\n    <\/div>\n<\/div><div class=\"news-item \">\n    <div class=\"news-item-image-wrapper\" style=\"background-image:url('https:\/\/sportotto.com\/wp-content\/uploads\/2025\/08\/SaiPan20huikea20nousu20SME28091hopeasta20talousvoittoon20E2809320Lappeenrannan20kiekkoylpeyden20uusi20aikakausi-2025-08-25T053A013A56.509Z.jpg');\"><\/div>\n    <div class=\"news-item-text-wrapper\">\n        <div class=\"news-title-wrapper\">\n            <div class=\"date\">2025-08-25<\/div>\n            <div class=\"title\">SaiPan huikea nousu SM\u2011hopeasta talousvoittoon \u2013 Lappeenrannan kiekkoylpeyden uusi aikakausi<\/div>\n        <\/div>\n        <div class=\"excerpt\">SaiPan huikea nousu SM\u2011hopeasta talousvoittoon \u2013 Lappeenrannan kiekkoylpeyden uusi aikakausi Jos joku kaipaa esimerkki\u00e4 siit\u00e4, miten urheilullinen menestys voi k\u00e4\u00e4nt\u00e4\u00e4...<\/div>\n    <\/div>\n\n    <div class=\"news-item-cta-wrapper\">\n        <a href=\"https:\/\/sportotto.com\/fi\/uutiset\/saipan-huikea-nousu-sm%e2%80%91hopeasta-talousvoittoon-lappeenrannan-kiekkoylpeyden-uusi-aikakausi\/\" class=\"button outline\">Jatka Lukemista<\/a>\n    <\/div>\n<\/div><div class=\"news-item \">\n    <div class=\"news-item-image-wrapper\" style=\"background-image:url('https:\/\/sportotto.com\/wp-content\/uploads\/2025\/08\/Cincinnati20tenniksen20finaali20pC3A4C3A4ttyi20Sinnerin20keskeytykseen20E2809320Alcaraz20vahvisti20asemansa20ennen20US20Openia-2025-08-24T053A013A31.668Z.jpg');\"><\/div>\n    <div class=\"news-item-text-wrapper\">\n        <div class=\"news-title-wrapper\">\n            <div class=\"date\">2025-08-24<\/div>\n            <div class=\"title\">Cincinnati tenniksen finaali p\u00e4\u00e4ttyi Sinnerin keskeytykseen \u2013 Alcaraz vahvisti asemansa ennen US Openia<\/div>\n        <\/div>\n        <div class=\"excerpt\">Cincinnati tenniksen finaali p\u00e4\u00e4ttyi Sinnerin keskeytykseen \u2013 Alcaraz vahvisti asemansa ennen US Openia T\u00e4ss\u00e4 on tiivistetty, uutisluonteinen versio artikkelista: Sinnerin...<\/div>\n    <\/div>\n\n    <div class=\"news-item-cta-wrapper\">\n        <a href=\"https:\/\/sportotto.com\/fi\/uutiset\/cincinnati-tenniksen-finaali-paattyi-sinnerin-keskeytykseen-alcaraz-vahvisti-asemansa-ennen-us-openia\/\" class=\"button outline\">Jatka Lukemista<\/a>\n    <\/div>\n<\/div><div class=\"news-item \">\n    <div class=\"news-item-image-wrapper\" style=\"background-image:url('https:\/\/sportotto.com\/wp-content\/uploads\/2025\/08\/Neil20Robertson20yllC3A4tti20Ronnie20OE28099Sullivanin20Saudi20Masters20-finaalissa20huikealla20trillerillC3A420ja20nousi20takaisin20snookerin20huipulle-2025-08-23T053A013A30.192Z.jpg');\"><\/div>\n    <div class=\"news-item-text-wrapper\">\n        <div class=\"news-title-wrapper\">\n            <div class=\"date\">2025-08-23<\/div>\n            <div class=\"title\">Neil Robertson yll\u00e4tti Ronnie O\u2019Sullivanin Saudi Masters -finaalissa huikealla trillerill\u00e4 ja nousi takaisin snookerin huipulle<\/div>\n        <\/div>\n        <div class=\"excerpt\">Neil Robertson yll\u00e4tti Ronnie O\u2019Sullivanin Saudi Masters -finaalissa huikealla trillerill\u00e4 ja nousi takaisin snookerin huipulle In Saudi Arabia, under the...<\/div>\n    <\/div>\n\n    <div class=\"news-item-cta-wrapper\">\n        <a href=\"https:\/\/sportotto.com\/fi\/uutiset\/neil-robertson-yllatti-ronnie-osullivanin-saudi-masters-finaalissa-huikealla-trillerilla-ja-nousi-takaisin-snookerin-huipulle\/\" class=\"button outline\">Jatka Lukemista<\/a>\n    <\/div>\n<\/div><div class=\"news-item \">\n    <div class=\"news-item-image-wrapper\" style=\"background-image:url('https:\/\/sportotto.com\/wp-content\/uploads\/2025\/08\/Alexander20Isak20siirtosaagan20keskellC3A420E2809320Newcastle20kriisissC3A420ja20Liverpool20valmis20iskemC3A4C3A4n-2025-08-22T053A023A08.968Z.jpg');\"><\/div>\n    <div class=\"news-item-text-wrapper\">\n        <div class=\"news-title-wrapper\">\n            <div class=\"date\">2025-08-22<\/div>\n            <div class=\"title\">Alexander Isak siirtosaagan keskell\u00e4 \u2013 Newcastle kriisiss\u00e4 ja Liverpool valmis iskem\u00e4\u00e4n<\/div>\n        <\/div>\n        <div class=\"excerpt\">Alexander Isak siirtosaagan keskell\u00e4 \u2013 Newcastle kriisiss\u00e4 ja Liverpool valmis iskem\u00e4\u00e4n Englannin Valioliiga on vasta k\u00e4ynnistynyt, mutta jo nyt sen...<\/div>\n    <\/div>\n\n    <div class=\"news-item-cta-wrapper\">\n        <a href=\"https:\/\/sportotto.com\/fi\/uutiset\/alexander-isak-siirtosaagan-keskella-newcastle-kriisissa-ja-liverpool-valmis-iskemaan\/\" class=\"button outline\">Jatka Lukemista<\/a>\n    <\/div>\n<\/div><div class=\"news-item \">\n    <div class=\"news-item-image-wrapper\" style=\"background-image:url('https:\/\/sportotto.com\/wp-content\/uploads\/2025\/08\/Paavo20Nurmen20maraton20202420rikkoo20ennC3A4tykset20E2809320Turku20sykkii20juoksujuhlan20ja20matkailun20keskuksena-2025-08-21T053A023A32.284Z.jpg');\"><\/div>\n    <div class=\"news-item-text-wrapper\">\n        <div class=\"news-title-wrapper\">\n            <div class=\"date\">2025-08-21<\/div>\n            <div class=\"title\">Paavo Nurmen maraton 2024 rikkoo enn\u00e4tykset \u2013 Turku sykkii juoksujuhlan ja matkailun keskuksena<\/div>\n        <\/div>\n        <div class=\"excerpt\">Paavo Nurmen maraton 2024 rikkoo enn\u00e4tykset \u2013 Turku sykkii juoksujuhlan ja matkailun keskuksena Turussa elet\u00e4\u00e4n t\u00e4n\u00e4 viikonloppuna todellista juoksujuhlaa. Paavo...<\/div>\n    <\/div>\n\n    <div class=\"news-item-cta-wrapper\">\n        <a href=\"https:\/\/sportotto.com\/fi\/uutiset\/paavo-nurmen-maraton-2024-rikkoo-ennatykset-turku-sykkii-juoksujuhlan-ja-matkailun-keskuksena\/\" class=\"button outline\">Jatka Lukemista<\/a>\n    <\/div>\n<\/div><div class=\"news-item \">\n    <div class=\"news-item-image-wrapper\" style=\"background-image:url('https:\/\/sportotto.com\/wp-content\/uploads\/2025\/08\/Boston20Celtics20myytiin20yli20viidellC3A420miljardilla20eurolla20E2809320uusi20omistaja20Bill20Chisholm20aloittaa20uuden20aikakauden20NBA20legendoille-2025-08-20T053A023A41.620Z.jpg');\"><\/div>\n    <div class=\"news-item-text-wrapper\">\n        <div class=\"news-title-wrapper\">\n            <div class=\"date\">2025-08-20<\/div>\n            <div class=\"title\">Boston Celtics myytiin yli viidell\u00e4 miljardilla eurolla \u2013 uusi omistaja Bill Chisholm aloittaa uuden aikakauden NBA legendoille<\/div>\n        <\/div>\n        <div class=\"excerpt\">Boston Celtics myytiin yli viidell\u00e4 miljardilla eurolla \u2013 uusi omistaja Bill Chisholm aloittaa uuden aikakauden NBA legendoille Bostonin ikoninen koripallojoukkue,...<\/div>\n    <\/div>\n\n    <div class=\"news-item-cta-wrapper\">\n        <a href=\"https:\/\/sportotto.com\/fi\/uutiset\/boston-celtics-myytiin-yli-viidella-miljardilla-eurolla-uusi-omistaja-bill-chisholm-aloittaa-uuden-aikakauden-nba-legendoille\/\" class=\"button outline\">Jatka Lukemista<\/a>\n    <\/div>\n<\/div><div class=\"news-item \">\n    <div class=\"news-item-image-wrapper\" style=\"background-image:url('https:\/\/sportotto.com\/wp-content\/uploads\/2025\/08\/Jesse20KerC3A4nen20ja20alkukauden20haasteet20jC3A4C3A4kiekossa20missC3A420viipyvC3A4t20tehot20ja20lC3B6ytyykC3B620ratkaisu20pian-2025-08-19T053A023A09.682Z.jpg');\"><\/div>\n    <div class=\"news-item-text-wrapper\">\n        <div class=\"news-title-wrapper\">\n            <div class=\"date\">2025-08-19<\/div>\n            <div class=\"title\">Jesse Ker\u00e4nen ja alkukauden haasteet j\u00e4\u00e4kiekossa miss\u00e4 viipyv\u00e4t tehot ja l\u00f6ytyyk\u00f6 ratkaisu pian<\/div>\n        <\/div>\n        <div class=\"excerpt\">Jesse Ker\u00e4nen ja alkukauden haasteet j\u00e4\u00e4kiekossa miss\u00e4 viipyv\u00e4t tehot ja l\u00f6ytyyk\u00f6 ratkaisu pian Syksy on j\u00e4\u00e4kiekkokauden parasta alkusalaattia. Jokainen peli,...<\/div>\n    <\/div>\n\n    <div class=\"news-item-cta-wrapper\">\n        <a href=\"https:\/\/sportotto.com\/fi\/uutiset\/jesse-keranen-ja-alkukauden-haasteet-jaakiekossa-missa-viipyvat-tehot-ja-loytyyko-ratkaisu-pian\/\" class=\"button outline\">Jatka Lukemista<\/a>\n    <\/div>\n<\/div><div class=\"news-item \">\n    <div class=\"news-item-image-wrapper\" style=\"background-image:url('https:\/\/sportotto.com\/wp-content\/uploads\/2025\/08\/Adelina20Engman20palaa20Ruotsiin20E2809320loukkaantumisten20kovettama20taistelija20saa20uuden20mahdollisuuden20Brommapojkarnassa-2025-08-18T053A013A37.285Z.jpg');\"><\/div>\n    <div class=\"news-item-text-wrapper\">\n        <div class=\"news-title-wrapper\">\n            <div class=\"date\">2025-08-18<\/div>\n            <div class=\"title\">Adelina Engman palaa Ruotsiin \u2013 loukkaantumisten kovettama taistelija saa uuden mahdollisuuden Brommapojkarnassa<\/div>\n        <\/div>\n        <div class=\"excerpt\">Adelina Engman palaa Ruotsiin \u2013 loukkaantumisten kovettama taistelija saa uuden mahdollisuuden Brommapojkarnassa Adelina Engmanin tarina on kuin peili suomalaisen jalkapallon...<\/div>\n    <\/div>\n\n    <div class=\"news-item-cta-wrapper\">\n        <a href=\"https:\/\/sportotto.com\/fi\/uutiset\/adelina-engman-palaa-ruotsiin-loukkaantumisten-kovettama-taistelija-saa-uuden-mahdollisuuden-brommapojkarnassa\/\" class=\"button outline\">Jatka Lukemista<\/a>\n    <\/div>\n<\/div><div class=\"news-item \">\n    <div class=\"news-item-image-wrapper\" style=\"background-image:url('https:\/\/sportotto.com\/wp-content\/uploads\/2025\/08\/Harri20HeliC3B6vaara20ja20Henry20Patten20kC3A4rsivC3A4t20yllC3A4tyshC3A4viC3B6n20Cincinnatissa20E2809320katse20nyt20US20Openiin-2025-08-17T053A013A42.137Z.jpg');\"><\/div>\n    <div class=\"news-item-text-wrapper\">\n        <div class=\"news-title-wrapper\">\n            <div class=\"date\">2025-08-17<\/div>\n            <div class=\"title\">Harri Heli\u00f6vaara ja Henry Patten k\u00e4rsiv\u00e4t yll\u00e4tysh\u00e4vi\u00f6n Cincinnatissa \u2013 katse nyt US Openiin<\/div>\n        <\/div>\n        <div class=\"excerpt\">Harri Heli\u00f6vaara ja Henry Patten k\u00e4rsiv\u00e4t yll\u00e4tysh\u00e4vi\u00f6n Cincinnatissa \u2013 katse nyt US Openiin Suomalais-brittil\u00e4inen pari Harri Heli\u00f6vaara ja Henry Patten...<\/div>\n    <\/div>\n\n    <div class=\"news-item-cta-wrapper\">\n        <a href=\"https:\/\/sportotto.com\/fi\/uutiset\/harri-heliovaara-ja-henry-patten-karsivat-yllatyshavion-cincinnatissa-katse-nyt-us-openiin\/\" class=\"button outline\">Jatka Lukemista<\/a>\n    <\/div>\n<\/div><div class=\"news-item \">\n    <div class=\"news-item-image-wrapper\" style=\"background-image:url('https:\/\/sportotto.com\/wp-content\/uploads\/2025\/08\/Parma20juhli20tuplamitalia20Kurikan20sprinttiviestissC3A420E2809320Sianoja20ja20Ruohola20johdattivat20kultaan-2025-08-16T053A023A01.442Z.jpg');\"><\/div>\n    <div class=\"news-item-text-wrapper\">\n        <div class=\"news-title-wrapper\">\n            <div class=\"date\">2025-08-16<\/div>\n            <div class=\"title\">Parma juhli tuplamitalia Kurikan sprinttiviestiss\u00e4 \u2013 Sianoja ja Ruohola johdattivat kultaan<\/div>\n        <\/div>\n        <div class=\"excerpt\">Parma juhli tuplamitalia Kurikan sprinttiviestiss\u00e4 \u2013 Sianoja ja Ruohola johdattivat kultaan Sunnuntaina Kurikka eli suunnistuksen hengess\u00e4. Sprinttiviesti tarjosi juuri sit\u00e4,...<\/div>\n    <\/div>\n\n    <div class=\"news-item-cta-wrapper\">\n        <a href=\"https:\/\/sportotto.com\/fi\/uutiset\/parma-juhli-tuplamitalia-kurikan-sprinttiviestissa-sianoja-ja-ruohola-johdattivat-kultaan\/\" class=\"button outline\">Jatka Lukemista<\/a>\n    <\/div>\n<\/div><div class=\"news-item \">\n    <div class=\"news-item-image-wrapper\" style=\"background-image:url('https:\/\/sportotto.com\/wp-content\/uploads\/2025\/08\/Rauman20Fera20yllC3A4tti20VirkiC3A4n20ja20nappasi20kotiedun20Naisten20Superpesiksen20pudotuspelien20avauksessa-2025-08-15T053A013A55.829Z.jpg');\"><\/div>\n    <div class=\"news-item-text-wrapper\">\n        <div class=\"news-title-wrapper\">\n            <div class=\"date\">2025-08-15<\/div>\n            <div class=\"title\">Rauman Fera yll\u00e4tti Virki\u00e4n ja nappasi kotiedun Naisten Superpesiksen pudotuspelien avauksessa<\/div>\n        <\/div>\n        <div class=\"excerpt\">Rauman Fera yll\u00e4tti Virki\u00e4n ja nappasi kotiedun Naisten Superpesiksen pudotuspelien avauksessa Naisten Superpesis sai pudotuspeleihins\u00e4 draaman kaaren arvoisen aloituksen, kun...<\/div>\n    <\/div>\n\n    <div class=\"news-item-cta-wrapper\">\n        <a href=\"https:\/\/sportotto.com\/fi\/uutiset\/rauman-fera-yllatti-virkian-ja-nappasi-kotiedun-naisten-superpesiksen-pudotuspelien-avauksessa\/\" class=\"button outline\">Jatka Lukemista<\/a>\n    <\/div>\n<\/div><div class=\"news-item \">\n    <div class=\"news-item-image-wrapper\" style=\"background-image:url('https:\/\/sportotto.com\/wp-content\/uploads\/2025\/08\/Teemu20Pulkkisen20kohupaluu20Kiekko20Vantaaseen20jakaa20mielipiteet20ja20herC3A4ttC3A4C3A420keskustelua20urheilun20ja20politiikan20rajasta-2025-08-14T053A023A24.782Z.jpg');\"><\/div>\n    <div class=\"news-item-text-wrapper\">\n        <div class=\"news-title-wrapper\">\n            <div class=\"date\">2025-08-14<\/div>\n            <div class=\"title\">Teemu Pulkkisen kohupaluu Kiekko Vantaaseen jakaa mielipiteet ja her\u00e4tt\u00e4\u00e4 keskustelua urheilun ja politiikan rajasta<\/div>\n        <\/div>\n        <div class=\"excerpt\">Teemu Pulkkisen kohupaluu Kiekko Vantaaseen jakaa mielipiteet ja her\u00e4tt\u00e4\u00e4 keskustelua urheilun ja politiikan rajasta T\u00e4ss\u00e4 jutussa limittyy urheilun draama ja...<\/div>\n    <\/div>\n\n    <div class=\"news-item-cta-wrapper\">\n        <a href=\"https:\/\/sportotto.com\/fi\/uutiset\/teemu-pulkkisen-kohupaluu-kiekko-vantaaseen-jakaa-mielipiteet-ja-herattaa-keskustelua-urheilun-ja-politiikan-rajasta\/\" class=\"button outline\">Jatka Lukemista<\/a>\n    <\/div>\n<\/div><div class=\"news-item \">\n    <div class=\"news-item-image-wrapper\" style=\"background-image:url('https:\/\/sportotto.com\/wp-content\/uploads\/2025\/08\/Joel20Pohjanpalo20hurmaa20Italian20kentillC3A420maalivainulla20aitoudella20ja20sisulla-2025-08-13T053A023A31.809Z.jpg');\"><\/div>\n    <div class=\"news-item-text-wrapper\">\n        <div class=\"news-title-wrapper\">\n            <div class=\"date\">2025-08-13<\/div>\n            <div class=\"title\">Joel Pohjanpalo hurmaa Italian kentill\u00e4 maalivainulla aitoudella ja sisulla<\/div>\n        <\/div>\n        <div class=\"excerpt\">Joel Pohjanpalo hurmaa Italian kentill\u00e4 maalivainulla aitoudella ja sisulla Joel Pohjanpalon ura on kaikkea muuta kuin keskiverto. H\u00e4n on maalipyssy,...<\/div>\n    <\/div>\n\n    <div class=\"news-item-cta-wrapper\">\n        <a href=\"https:\/\/sportotto.com\/fi\/uutiset\/joel-pohjanpalo-hurmaa-italian-kentilla-maalivainulla-aitoudella-ja-sisulla\/\" class=\"button outline\">Jatka Lukemista<\/a>\n    <\/div>\n<\/div><div class=\"news-item \">\n    <div class=\"news-item-image-wrapper\" style=\"background-image:url('https:\/\/sportotto.com\/wp-content\/uploads\/2025\/08\/Elina20Svitolina20sai20jC3A4rkyttC3A4vC3A4n20viharyC3B6pyn20Montrealin20tappion20jC3A4lkeen20E2809320vedonlyC3B6nnin20varjopuolet20puhuttavat20tennismaailmaa-2025-08-12T053A023A18.391Z.jpg');\"><\/div>\n    <div class=\"news-item-text-wrapper\">\n        <div class=\"news-title-wrapper\">\n            <div class=\"date\">2025-08-12<\/div>\n            <div class=\"title\">Elina Svitolina sai j\u00e4rkytt\u00e4v\u00e4n vihary\u00f6pyn Montrealin tappion j\u00e4lkeen \u2013 vedonly\u00f6nnin varjopuolet puhuttavat tennismaailmaa<\/div>\n        <\/div>\n        <div class=\"excerpt\">Elina Svitolina sai j\u00e4rkytt\u00e4v\u00e4n vihary\u00f6pyn Montrealin tappion j\u00e4lkeen \u2013 vedonly\u00f6nnin varjopuolet puhuttavat tennismaailmaa Kanadan Montrealin kirkas kes\u00e4p\u00e4iv\u00e4 sai synk\u00e4n k\u00e4\u00e4nteen,...<\/div>\n    <\/div>\n\n    <div class=\"news-item-cta-wrapper\">\n        <a href=\"https:\/\/sportotto.com\/fi\/uutiset\/elina-svitolina-sai-jarkyttavan-viharyopyn-montrealin-tappion-jalkeen-vedonlyonnin-varjopuolet-puhuttavat-tennismaailmaa\/\" class=\"button outline\">Jatka Lukemista<\/a>\n    <\/div>\n<\/div><div class=\"news-item \">\n    <div class=\"news-item-image-wrapper\" style=\"background-image:url('https:\/\/sportotto.com\/wp-content\/uploads\/2025\/08\/Roihuttaret20otti20vakuuttavan20voiton20ja20Erica20Rosendahl20johdatti20joukkueen20lC3A4helle20puolivC3A4lieriC3A4-2025-08-11T053A023A42.429Z.jpg');\"><\/div>\n    <div class=\"news-item-text-wrapper\">\n        <div class=\"news-title-wrapper\">\n            <div class=\"date\">2025-08-11<\/div>\n            <div class=\"title\">Roihuttaret otti vakuuttavan voiton ja Erica Rosendahl johdatti joukkueen l\u00e4helle puoliv\u00e4lieri\u00e4<\/div>\n        <\/div>\n        <div class=\"excerpt\">Roihuttaret otti vakuuttavan voiton ja Erica Rosendahl johdatti joukkueen l\u00e4helle puoliv\u00e4lieri\u00e4 Helsingin Roihuttaret avasi pudotuspelikev\u00e4\u00e4ns\u00e4 juuri niin kuin kotiyleis\u00f6 toivoi...<\/div>\n    <\/div>\n\n    <div class=\"news-item-cta-wrapper\">\n        <a href=\"https:\/\/sportotto.com\/fi\/uutiset\/roihuttaret-otti-vakuuttavan-voiton-ja-erica-rosendahl-johdatti-joukkueen-lahelle-puolivalieria\/\" class=\"button outline\">Jatka Lukemista<\/a>\n    <\/div>\n<\/div><div class=\"news-item \">\n    <div class=\"news-item-image-wrapper\" style=\"background-image:url('https:\/\/sportotto.com\/wp-content\/uploads\/2025\/08\/Oliver20Antman20siirtyy20Glasgow20Rangersiin20E2809320suomalainen20tC3A4hti20valmis20valloittamaan20Skotlannin20kentC3A4t-2025-08-10T053A023A03.913Z.jpg');\"><\/div>\n    <div class=\"news-item-text-wrapper\">\n        <div class=\"news-title-wrapper\">\n            <div class=\"date\">2025-08-10<\/div>\n            <div class=\"title\">Oliver Antman siirtyy Glasgow Rangersiin \u2013 suomalainen t\u00e4hti valmis valloittamaan Skotlannin kent\u00e4t<\/div>\n        <\/div>\n        <div class=\"excerpt\">Oliver Antman siirtyy Glasgow Rangersiin \u2013 suomalainen t\u00e4hti valmis valloittamaan Skotlannin kent\u00e4t Kes\u00e4n 2024 siirtomarkkinoilla n\u00e4htiin iso uutinen suomalaiselle jalkapallolle:...<\/div>\n    <\/div>\n\n    <div class=\"news-item-cta-wrapper\">\n        <a href=\"https:\/\/sportotto.com\/fi\/uutiset\/oliver-antman-siirtyy-glasgow-rangersiin-suomalainen-tahti-valmis-valloittamaan-skotlannin-kentat\/\" class=\"button outline\">Jatka Lukemista<\/a>\n    <\/div>\n<\/div><div class=\"news-item \">\n    <div class=\"news-item-image-wrapper\" style=\"background-image:url('https:\/\/sportotto.com\/wp-content\/uploads\/2025\/08\/Niklas20Anttilan20huikea20loppukiri20toi20pronssia20frisbeegolfin20MM20kilpailuissa20Suomessa-2025-08-09T053A023A14.077Z.jpg');\"><\/div>\n    <div class=\"news-item-text-wrapper\">\n        <div class=\"news-title-wrapper\">\n            <div class=\"date\">2025-08-09<\/div>\n            <div class=\"title\">Niklas Anttilan huikea loppukiri toi pronssia frisbeegolfin MM kilpailuissa Suomessa<\/div>\n        <\/div>\n        <div class=\"excerpt\">Niklas Anttilan huikea loppukiri toi pronssia frisbeegolfin MM kilpailuissa Suomessa Nokian frisbeegolfkeskuksessa k\u00e4ytiin sunnuntaina finaali, joka j\u00e4\u00e4 lajihistoriaan. Niklas Anttila...<\/div>\n    <\/div>\n\n    <div class=\"news-item-cta-wrapper\">\n        <a href=\"https:\/\/sportotto.com\/fi\/uutiset\/niklas-anttilan-huikea-loppukiri-toi-pronssia-frisbeegolfin-mm-kilpailuissa-suomessa\/\" class=\"button outline\">Jatka Lukemista<\/a>\n    <\/div>\n<\/div><div class=\"news-item \">\n    <div class=\"news-item-image-wrapper\" style=\"background-image:url('https:\/\/sportotto.com\/wp-content\/uploads\/2025\/08\/Juho20VenC3A4lC3A4inen20yllC3A4ttC3A4C3A420EM-kisoissa20E2809320fiksu20strategia20vai20menetetty20mitalihaave3F-2025-08-08T053A023A16.722Z.jpg');\"><\/div>\n    <div class=\"news-item-text-wrapper\">\n        <div class=\"news-title-wrapper\">\n            <div class=\"date\">2025-08-08<\/div>\n            <div class=\"title\">Juho Ven\u00e4l\u00e4inen yll\u00e4tt\u00e4\u00e4 EM-kisoissa \u2013 fiksu strategia vai menetetty mitalihaave?<\/div>\n        <\/div>\n        <div class=\"excerpt\">Juho Ven\u00e4l\u00e4inen yll\u00e4tt\u00e4\u00e4 EM-kisoissa \u2013 fiksu strategia vai menetetty mitalihaave? Suomen yleisurheilun tulevaisuuden toivo, Juho Ven\u00e4l\u00e4inen, on tehnyt yll\u00e4tt\u00e4v\u00e4n ratkaisun...<\/div>\n    <\/div>\n\n    <div class=\"news-item-cta-wrapper\">\n        <a href=\"https:\/\/sportotto.com\/fi\/uutiset\/juho-venalainen-yllattaa-em-kisoissa-fiksu-strategia-vai-menetetty-mitalihaave\/\" class=\"button outline\">Jatka Lukemista<\/a>\n    <\/div>\n<\/div><div class=\"news-item \">\n    <div class=\"news-item-image-wrapper\" style=\"background-image:url('https:\/\/sportotto.com\/wp-content\/uploads\/2025\/08\/Saara20Keskitalo20metsC3A4stC3A4C3A420historiallista20kultaa20Espoossa20E2809320Naisten20aitajuoksun20finaalista20odotetaan20kaikkien20aikojen20kovinta-2025-08-07T053A023A11.968Z.jpg');\"><\/div>\n    <div class=\"news-item-text-wrapper\">\n        <div class=\"news-title-wrapper\">\n            <div class=\"date\">2025-08-07<\/div>\n            <div class=\"title\">Saara Keskitalo mets\u00e4st\u00e4\u00e4 historiallista kultaa Espoossa \u2013 Naisten aitajuoksun finaalista odotetaan kaikkien aikojen kovinta<\/div>\n        <\/div>\n        <div class=\"excerpt\">Saara Keskitalo mets\u00e4st\u00e4\u00e4 historiallista kultaa Espoossa \u2013 Naisten aitajuoksun finaalista odotetaan kaikkien aikojen kovinta Kun Kalevan kisat k\u00e4ynnistyv\u00e4t Espoossa, yksi...<\/div>\n    <\/div>\n\n    <div class=\"news-item-cta-wrapper\">\n        <a href=\"https:\/\/sportotto.com\/fi\/uutiset\/saara-keskitalo-metsastaa-historiallista-kultaa-espoossa-naisten-aitajuoksun-finaalista-odotetaan-kaikkien-aikojen-kovinta\/\" class=\"button outline\">Jatka Lukemista<\/a>\n    <\/div>\n<\/div><div class=\"news-item \">\n    <div class=\"news-item-image-wrapper\" style=\"background-image:url('https:\/\/sportotto.com\/wp-content\/uploads\/2025\/08\/Sami20Pajari20tC3A4htC3A4C3A420lC3A4pimurtoon20kotikisassa20E2809320nuoren20rallilahjakkuuden20uran20tC3A4rkein20tulikoe20edessC3A4-2025-08-06T053A023A15.432Z.jpg');\"><\/div>\n    <div class=\"news-item-text-wrapper\">\n        <div class=\"news-title-wrapper\">\n            <div class=\"date\">2025-08-06<\/div>\n            <div class=\"title\">Sami Pajari t\u00e4ht\u00e4\u00e4 l\u00e4pimurtoon kotikisassa \u2013 nuoren rallilahjakkuuden uran t\u00e4rkein tulikoe edess\u00e4<\/div>\n        <\/div>\n        <div class=\"excerpt\">Sami Pajari t\u00e4ht\u00e4\u00e4 l\u00e4pimurtoon kotikisassa \u2013 nuoren rallilahjakkuuden uran t\u00e4rkein tulikoe edess\u00e4 Vasta 22-vuotias Sami Pajari on noussut suomalaisen rallikansan...<\/div>\n    <\/div>\n\n    <div class=\"news-item-cta-wrapper\">\n        <a href=\"https:\/\/sportotto.com\/fi\/uutiset\/sami-pajari-tahtaa-lapimurtoon-kotikisassa-nuoren-rallilahjakkuuden-uran-tarkein-tulikoe-edessa\/\" class=\"button outline\">Jatka Lukemista<\/a>\n    <\/div>\n<\/div><div class=\"news-item \">\n    <div class=\"news-item-image-wrapper\" style=\"background-image:url('https:\/\/sportotto.com\/wp-content\/uploads\/2025\/08\/NFL20tragedia20New20Yorkissa20paljastaa20urheilun20synkC3A4n20varjopuolen20ja20mielenterveyden20kriisin-2025-08-04T053A023A03.309Z.jpg');\"><\/div>\n    <div class=\"news-item-text-wrapper\">\n        <div class=\"news-title-wrapper\">\n            <div class=\"date\">2025-08-04<\/div>\n            <div class=\"title\">NFL tragedia New Yorkissa paljastaa urheilun synk\u00e4n varjopuolen ja mielenterveyden kriisin<\/div>\n        <\/div>\n        <div class=\"excerpt\">NFL tragedia New Yorkissa paljastaa urheilun synk\u00e4n varjopuolen ja mielenterveyden kriisin Viime aikojen tapahtumat 345 Park Avenuella New Yorkissa paljastavat...<\/div>\n    <\/div>\n\n    <div class=\"news-item-cta-wrapper\">\n        <a href=\"https:\/\/sportotto.com\/fi\/uutiset\/nfl-tragedia-new-yorkissa-paljastaa-urheilun-synkan-varjopuolen-ja-mielenterveyden-kriisin\/\" class=\"button outline\">Jatka Lukemista<\/a>\n    <\/div>\n<\/div><div class=\"news-item \">\n    <div class=\"news-item-image-wrapper\" style=\"background-image:url('https:\/\/sportotto.com\/wp-content\/uploads\/2025\/08\/Susijengi20valmistautuu20koripallon20EM-kotikisoihin20202520E2809320Lauri20Markkanen20johdossa20ja20uusia20tC3A4htiC3A420nousemassa-2025-08-03T053A013A47.348Z.jpg');\"><\/div>\n    <div class=\"news-item-text-wrapper\">\n        <div class=\"news-title-wrapper\">\n            <div class=\"date\">2025-08-03<\/div>\n            <div class=\"title\">Susijengi valmistautuu koripallon EM-kotikisoihin 2025 \u2013 Lauri Markkanen johdossa ja uusia t\u00e4hti\u00e4 nousemassa<\/div>\n        <\/div>\n        <div class=\"excerpt\">Susijengi valmistautuu koripallon EM-kotikisoihin 2025 \u2013 Lauri Markkanen johdossa ja uusia t\u00e4hti\u00e4 nousemassa Susijengi on viritt\u00e4nyt koneensa kohti koripallon EM-kotikisoja,...<\/div>\n    <\/div>\n\n    <div class=\"news-item-cta-wrapper\">\n        <a href=\"https:\/\/sportotto.com\/fi\/uutiset\/susijengi-valmistautuu-koripallon-em-kotikisoihin-2025-lauri-markkanen-johdossa-ja-uusia-tahtia-nousemassa\/\" class=\"button outline\">Jatka Lukemista<\/a>\n    <\/div>\n<\/div><div class=\"news-item \">\n    <div class=\"news-item-image-wrapper\" style=\"background-image:url('https:\/\/sportotto.com\/wp-content\/uploads\/2025\/08\/Naisten20jalkapallon20EM2020253A20EnnC3A4tysyleisC3B620ja20jC3A4ttitappio20E2809320sijoitus20tulevaisuuteen20vai20taloudellinen20virhe3F-2025-08-02T053A013A41.825Z.jpg');\"><\/div>\n    <div class=\"news-item-text-wrapper\">\n        <div class=\"news-title-wrapper\">\n            <div class=\"date\">2025-08-02<\/div>\n            <div class=\"title\">Naisten jalkapallon EM 2025: Enn\u00e4tysyleis\u00f6 ja j\u00e4ttitappio \u2013 sijoitus tulevaisuuteen vai taloudellinen virhe?<\/div>\n        <\/div>\n        <div class=\"excerpt\">Naisten jalkapallon EM 2025: Enn\u00e4tysyleis\u00f6 ja j\u00e4ttitappio \u2013 sijoitus tulevaisuuteen vai taloudellinen virhe? Kes\u00e4n 2025 naisten jalkapallon EM-kisat Sveitsiss\u00e4 houkuttelivat...<\/div>\n    <\/div>\n\n    <div class=\"news-item-cta-wrapper\">\n        <a href=\"https:\/\/sportotto.com\/fi\/uutiset\/naisten-jalkapallon-em-2025-ennatysyleiso-ja-jattitappio-sijoitus-tulevaisuuteen-vai-taloudellinen-virhe\/\" class=\"button outline\">Jatka Lukemista<\/a>\n    <\/div>\n<\/div><div class=\"news-item \">\n    <div class=\"news-item-image-wrapper\" style=\"background-image:url('https:\/\/sportotto.com\/wp-content\/uploads\/2025\/08\/Englanti20voitti20historiallisen20kolmannen20perC3A4kkC3A4isen20EM-kullan20rankkaridraamassa20E2809320Chloe20Kelly20jC3A4lleen20sankarina-2025-08-01T053A023A14.483Z.jpg');\"><\/div>\n    <div class=\"news-item-text-wrapper\">\n        <div class=\"news-title-wrapper\">\n            <div class=\"date\">2025-08-01<\/div>\n            <div class=\"title\">Englanti voitti historiallisen kolmannen per\u00e4kk\u00e4isen EM-kullan rankkaridraamassa \u2013 Chloe Kelly j\u00e4lleen sankarina<\/div>\n        <\/div>\n        <div class=\"excerpt\">Englanti voitti historiallisen kolmannen per\u00e4kk\u00e4isen EM-kullan rankkaridraamassa \u2013 Chloe Kelly j\u00e4lleen sankarina Jos olit Englannissa finaali-iltana, kuulit sen varmasti. Huuto,...<\/div>\n    <\/div>\n\n    <div class=\"news-item-cta-wrapper\">\n        <a href=\"https:\/\/sportotto.com\/fi\/uutiset\/englanti-voitti-historiallisen-kolmannen-perakkaisen-em-kullan-rankkaridraamassa-chloe-kelly-jalleen-sankarina\/\" class=\"button outline\">Jatka Lukemista<\/a>\n    <\/div>\n<\/div><div class=\"news-item \">\n    <div class=\"news-item-image-wrapper\" style=\"background-image:url('https:\/\/sportotto.com\/wp-content\/uploads\/2025\/07\/Kolme20katsojaa20kuoli20traagisessa20ralliturmassa20Ranskassa20E2809320turvallisuus20moottoriurheilussa20jC3A4lleen20tarkastelussa-2025-07-31T053A023A28.573Z.jpg');\"><\/div>\n    <div class=\"news-item-text-wrapper\">\n        <div class=\"news-title-wrapper\">\n            <div class=\"date\">2025-07-31<\/div>\n            <div class=\"title\">Kolme katsojaa kuoli traagisessa ralliturmassa Ranskassa \u2013 turvallisuus moottoriurheilussa j\u00e4lleen tarkastelussa<\/div>\n        <\/div>\n        <div class=\"excerpt\">Kolme katsojaa kuoli traagisessa ralliturmassa Ranskassa \u2013 turvallisuus moottoriurheilussa j\u00e4lleen tarkastelussa T\u00e4n\u00e4 viikonloppuna pienen ranskalaiskaupungin idyllinen maisema sai synk\u00e4n k\u00e4\u00e4nteen....<\/div>\n    <\/div>\n\n    <div class=\"news-item-cta-wrapper\">\n        <a href=\"https:\/\/sportotto.com\/fi\/uutiset\/kolme-katsojaa-kuoli-traagisessa-ralliturmassa-ranskassa-turvallisuus-moottoriurheilussa-jalleen-tarkastelussa\/\" class=\"button outline\">Jatka Lukemista<\/a>\n    <\/div>\n<\/div><div class=\"news-item \">\n    <div class=\"news-item-image-wrapper\" style=\"background-image:url('https:\/\/sportotto.com\/wp-content\/uploads\/2025\/07\/Newcastle20United20kriisissC3A420E2809320Alexander20Isak20haluaa20lC3A4hteC3A420ja20Liverpool20valmis20ennC3A4tyssiirtoon-2025-07-30T053A023A02.606Z.jpg');\"><\/div>\n    <div class=\"news-item-text-wrapper\">\n        <div class=\"news-title-wrapper\">\n            <div class=\"date\">2025-07-30<\/div>\n            <div class=\"title\">Newcastle United kriisiss\u00e4 \u2013 Alexander Isak haluaa l\u00e4hte\u00e4 ja Liverpool valmis enn\u00e4tyssiirtoon<\/div>\n        <\/div>\n        <div class=\"excerpt\">Newcastle United kriisiss\u00e4 \u2013 Alexander Isak haluaa l\u00e4hte\u00e4 ja Liverpool valmis enn\u00e4tyssiirtoon Newcastle Unitedin odotettiin avaavan uuden luvun seurahistoriassaan t\u00e4n\u00e4...<\/div>\n    <\/div>\n\n    <div class=\"news-item-cta-wrapper\">\n        <a href=\"https:\/\/sportotto.com\/fi\/uutiset\/newcastle-united-kriisissa-alexander-isak-haluaa-lahtea-ja-liverpool-valmis-ennatyssiirtoon\/\" class=\"button outline\">Jatka Lukemista<\/a>\n    <\/div>\n<\/div><div class=\"news-item \">\n    <div class=\"news-item-image-wrapper\" style=\"background-image:url('https:\/\/sportotto.com\/wp-content\/uploads\/2025\/07\/Charlotte20Dujardinin20dramaattinen20syC3B6ksy20huipulta20E2809320onko20paluu20ratsastusmaailman20huipulle20vielC3A420mahdollinen-2025-07-29T053A023A41.611Z.jpg');\"><\/div>\n    <div class=\"news-item-text-wrapper\">\n        <div class=\"news-title-wrapper\">\n            <div class=\"date\">2025-07-29<\/div>\n            <div class=\"title\">Charlotte Dujardinin dramaattinen sy\u00f6ksy huipulta \u2013 onko paluu ratsastusmaailman huipulle viel\u00e4 mahdollinen<\/div>\n        <\/div>\n        <div class=\"excerpt\">Charlotte Dujardinin dramaattinen sy\u00f6ksy huipulta \u2013 onko paluu ratsastusmaailman huipulle viel\u00e4 mahdollinen Charlotte Dujardin on vuosien ajan ollut yksi kouluratsastuksen...<\/div>\n    <\/div>\n\n    <div class=\"news-item-cta-wrapper\">\n        <a href=\"https:\/\/sportotto.com\/fi\/uutiset\/charlotte-dujardinin-dramaattinen-syoksy-huipulta-onko-paluu-ratsastusmaailman-huipulle-viela-mahdollinen\/\" class=\"button outline\">Jatka Lukemista<\/a>\n    <\/div>\n<\/div><div class=\"news-item \">\n    <div class=\"news-item-image-wrapper\" style=\"background-image:url('https:\/\/sportotto.com\/wp-content\/uploads\/2025\/07\/Aitana20BonmatC3AD20johdatti20Espanjan20EM-finaaliin20unohtumattomalla20maalilla20E2809320yksi20jalkapallohistorian20ikimuistoisimmista20hetkistC3A4-2025-07-28T053A023A16.611Z.jpg');\"><\/div>\n    <div class=\"news-item-text-wrapper\">\n        <div class=\"news-title-wrapper\">\n            <div class=\"date\">2025-07-28<\/div>\n            <div class=\"title\">Aitana Bonmat\u00ed johdatti Espanjan EM-finaaliin unohtumattomalla maalilla \u2013 yksi jalkapallohistorian ikimuistoisimmista hetkist\u00e4<\/div>\n        <\/div>\n        <div class=\"excerpt\">Aitana Bonmat\u00ed johdatti Espanjan EM-finaaliin unohtumattomalla maalilla \u2013 yksi jalkapallohistorian ikimuistoisimmista hetkist\u00e4 Kuvittele jalkapallon huipennus: jatko-ottelun 113. minuutti, uupuneet pelaajat...<\/div>\n    <\/div>\n\n    <div class=\"news-item-cta-wrapper\">\n        <a href=\"https:\/\/sportotto.com\/fi\/uutiset\/aitana-bonmati-johdatti-espanjan-em-finaaliin-unohtumattomalla-maalilla-yksi-jalkapallohistorian-ikimuistoisimmista-hetkista\/\" class=\"button outline\">Jatka Lukemista<\/a>\n    <\/div>\n<\/div><div class=\"news-item \">\n    <div class=\"news-item-image-wrapper\" style=\"background-image:url('https:\/\/sportotto.com\/wp-content\/uploads\/2025\/07\/Englanti20kohtaa20Italian20EM-vC3A4lierC3A4ssC3A420E2809320Kumpi20etenee20finaaliin20ja20kirjoittaa20historiaa3F-2025-07-27T053A023A07.080Z.jpg');\"><\/div>\n    <div class=\"news-item-text-wrapper\">\n        <div class=\"news-title-wrapper\">\n            <div class=\"date\">2025-07-27<\/div>\n            <div class=\"title\">Englanti kohtaa Italian EM-v\u00e4lier\u00e4ss\u00e4 \u2013 Kumpi etenee finaaliin ja kirjoittaa historiaa?<\/div>\n        <\/div>\n        <div class=\"excerpt\">Englanti kohtaa Italian EM-v\u00e4lier\u00e4ss\u00e4 \u2013 Kumpi etenee finaaliin ja kirjoittaa historiaa? Jalkapallon EM-kilpailut ovat edenneet siihen pisteeseen, ett\u00e4 j\u00e4ljell\u00e4 on...<\/div>\n    <\/div>\n\n    <div class=\"news-item-cta-wrapper\">\n        <a href=\"https:\/\/sportotto.com\/fi\/uutiset\/englanti-kohtaa-italian-em-valierassa-kumpi-etenee-finaaliin-ja-kirjoittaa-historiaa\/\" class=\"button outline\">Jatka Lukemista<\/a>\n    <\/div>\n<\/div><div class=\"news-item \">\n    <div class=\"news-item-image-wrapper\" style=\"background-image:url('https:\/\/sportotto.com\/wp-content\/uploads\/2025\/07\/Kasperi20Vehmaa20lC3A4hellC3A420kahdeksan20metrin20unelmaa20E2809320pronssimitalisti20sytytti20toivon20suomalaisessa20pituushypyssC3A4-2025-07-26T053A013A51.873Z.jpg');\"><\/div>\n    <div class=\"news-item-text-wrapper\">\n        <div class=\"news-title-wrapper\">\n            <div class=\"date\">2025-07-26<\/div>\n            <div class=\"title\">Kasperi Vehmaa l\u00e4hell\u00e4 kahdeksan metrin unelmaa \u2013 pronssimitalisti sytytti toivon suomalaisessa pituushypyss\u00e4<\/div>\n        <\/div>\n        <div class=\"excerpt\">Kasperi Vehmaa l\u00e4hell\u00e4 kahdeksan metrin unelmaa \u2013 pronssimitalisti sytytti toivon suomalaisessa pituushypyss\u00e4 Kasperi Vehmaa toi suomalaiselle pituushypylle kaivattua uutta toivoa...<\/div>\n    <\/div>\n\n    <div class=\"news-item-cta-wrapper\">\n        <a href=\"https:\/\/sportotto.com\/fi\/uutiset\/kasperi-vehmaa-lahella-kahdeksan-metrin-unelmaa-pronssimitalisti-sytytti-toivon-suomalaisessa-pituushypyssa\/\" class=\"button outline\">Jatka Lukemista<\/a>\n    <\/div>\n<\/div><div class=\"news-item \">\n    <div class=\"news-item-image-wrapper\" style=\"background-image:url('https:\/\/sportotto.com\/wp-content\/uploads\/2025\/07\/EM-jalkapallon20vC3A4lierC3A4t20huipentuvat3A20Englanti20ja20Espanja20valmiina20finaalitaisteluun-2025-07-25T053A023A30.567Z.jpg');\"><\/div>\n    <div class=\"news-item-text-wrapper\">\n        <div class=\"news-title-wrapper\">\n            <div class=\"date\">2025-07-25<\/div>\n            <div class=\"title\">EM-jalkapallon v\u00e4lier\u00e4t huipentuvat: Englanti ja Espanja valmiina finaalitaisteluun<\/div>\n        <\/div>\n        <div class=\"excerpt\">EM-jalkapallon v\u00e4lier\u00e4t huipentuvat: Englanti ja Espanja valmiina finaalitaisteluun Naisten jalkapallon EM-kisat ovat edenneet siihen pisteeseen, jossa hermot kiristyv\u00e4t, syd\u00e4met jyskytt\u00e4v\u00e4t...<\/div>\n    <\/div>\n\n    <div class=\"news-item-cta-wrapper\">\n        <a href=\"https:\/\/sportotto.com\/fi\/uutiset\/em-jalkapallon-valierat-huipentuvat-englanti-ja-espanja-valmiina-finaalitaisteluun\/\" class=\"button outline\">Jatka Lukemista<\/a>\n    <\/div>\n<\/div><div class=\"news-item \">\n    <div class=\"news-item-image-wrapper\" style=\"background-image:url('https:\/\/sportotto.com\/wp-content\/uploads\/2025\/07\/Eemil20Porvari20toi20Suomelle20EM-pronssia20keihC3A4C3A4ssC3A420E2809320uusi20tC3A4hti20nousemassa20yleisurheilun20huipulle-2025-07-24T053A023A19.472Z.jpg');\"><\/div>\n    <div class=\"news-item-text-wrapper\">\n        <div class=\"news-title-wrapper\">\n            <div class=\"date\">2025-07-24<\/div>\n            <div class=\"title\">Eemil Porvari toi Suomelle EM-pronssia keih\u00e4\u00e4ss\u00e4 \u2013 uusi t\u00e4hti nousemassa yleisurheilun huipulle<\/div>\n        <\/div>\n        <div class=\"excerpt\">Eemil Porvari toi Suomelle EM-pronssia keih\u00e4\u00e4ss\u00e4 \u2013 uusi t\u00e4hti nousemassa yleisurheilun huipulle Bergeniss\u00e4, Norjan dramaattisten vuorten syliss\u00e4, k\u00e4ytiin viikonloppuna tiukka...<\/div>\n    <\/div>\n\n    <div class=\"news-item-cta-wrapper\">\n        <a href=\"https:\/\/sportotto.com\/fi\/uutiset\/eemil-porvari-toi-suomelle-em-pronssia-keihaassa-uusi-tahti-nousemassa-yleisurheilun-huipulle\/\" class=\"button outline\">Jatka Lukemista<\/a>\n    <\/div>\n<\/div><div class=\"news-item \">\n    <div class=\"news-item-image-wrapper\" style=\"background-image:url('https:\/\/sportotto.com\/wp-content\/uploads\/2025\/07\/KPL20loistaa20Kouvolassa20ItC3A4E28093LC3A4nsi-juhlassa20E2809320Henri20Puputti20tylytti20sarjaohjelmaa20suorasanaisesti-2025-07-23T053A023A24.270Z.jpg');\"><\/div>\n    <div class=\"news-item-text-wrapper\">\n        <div class=\"news-title-wrapper\">\n            <div class=\"date\">2025-07-23<\/div>\n            <div class=\"title\">KPL loistaa Kouvolassa It\u00e4\u2013L\u00e4nsi-juhlassa \u2013 Henri Puputti tylytti sarjaohjelmaa suorasanaisesti<\/div>\n        <\/div>\n        <div class=\"excerpt\">KPL loistaa Kouvolassa It\u00e4\u2013L\u00e4nsi-juhlassa \u2013 Henri Puputti tylytti sarjaohjelmaa suorasanaisesti Perjantai-iltana Kouvolassa n\u00e4htiin pes\u00e4pallo-ottelu, joka oli enemm\u00e4n kuin vain peli...<\/div>\n    <\/div>\n\n    <div class=\"news-item-cta-wrapper\">\n        <a href=\"https:\/\/sportotto.com\/fi\/uutiset\/kpl-loistaa-kouvolassa-ita-lansi-juhlassa-henri-puputti-tylytti-sarjaohjelmaa-suorasanaisesti\/\" class=\"button outline\">Jatka Lukemista<\/a>\n    <\/div>\n<\/div><div class=\"news-item \">\n    <div class=\"news-item-image-wrapper\" style=\"background-image:url('https:\/\/sportotto.com\/wp-content\/uploads\/2025\/07\/Thierry20Neuville20hurjasteli20erikoiskokeen20ykkC3B6seksi20E2809320mestarin20ote20heti20alussa-2025-07-22T053A023A33.030Z.jpg');\"><\/div>\n    <div class=\"news-item-text-wrapper\">\n        <div class=\"news-title-wrapper\">\n            <div class=\"date\">2025-07-22<\/div>\n            <div class=\"title\">Thierry Neuville hurjasteli erikoiskokeen ykk\u00f6seksi \u2013 mestarin ote heti alussa<\/div>\n        <\/div>\n        <div class=\"excerpt\">Thierry Neuville hurjasteli erikoiskokeen ykk\u00f6seksi \u2013 mestarin ote heti alussa Rallikausi on vasta alkanut, mutta Thierry Neuville ei tullut ottamaan...<\/div>\n    <\/div>\n\n    <div class=\"news-item-cta-wrapper\">\n        <a href=\"https:\/\/sportotto.com\/fi\/uutiset\/thierry-neuville-hurjasteli-erikoiskokeen-ykkoseksi-mestarin-ote-heti-alussa\/\" class=\"button outline\">Jatka Lukemista<\/a>\n    <\/div>\n<\/div><div class=\"news-item \">\n    <div class=\"news-item-image-wrapper\" style=\"background-image:url('https:\/\/sportotto.com\/wp-content\/uploads\/2025\/07\/Biljardilegenda20Chang20Jung-lin20menehtyi20yllC3A4ttC3A4en20kesken20turnauksen20Jakartassa-2025-07-21T053A033A09.429Z.jpg');\"><\/div>\n    <div class=\"news-item-text-wrapper\">\n        <div class=\"news-title-wrapper\">\n            <div class=\"date\">2025-07-21<\/div>\n            <div class=\"title\">Biljardilegenda Chang Jung-lin menehtyi yll\u00e4tt\u00e4en kesken turnauksen Jakartassa<\/div>\n        <\/div>\n        <div class=\"excerpt\">Biljardilegenda Chang Jung-lin menehtyi yll\u00e4tt\u00e4en kesken turnauksen Jakartassa Jakartassa, kaupungissa jossa l\u00e4mp\u00f6 v\u00e4reilee kaduilla ja kansainv\u00e4liset urheilijat kokoontuvat taitojaan mittaamaan,...<\/div>\n    <\/div>\n\n    <div class=\"news-item-cta-wrapper\">\n        <a href=\"https:\/\/sportotto.com\/fi\/uutiset\/biljardilegenda-chang-jung-lin-menehtyi-yllattaen-kesken-turnauksen-jakartassa\/\" class=\"button outline\">Jatka Lukemista<\/a>\n    <\/div>\n<\/div><div class=\"news-item \">\n    <div class=\"news-item-image-wrapper\" style=\"background-image:url('https:\/\/sportotto.com\/wp-content\/uploads\/2025\/07\/KuPS20eteni20sankarillisella20puolustustaistelulla20Mestarien20liigan20karsinnoissa20E2809320seuraavaksi20vastassa20Kairat20Almaty-2025-07-20T053A023A40.461Z.jpg');\"><\/div>\n    <div class=\"news-item-text-wrapper\">\n        <div class=\"news-title-wrapper\">\n            <div class=\"date\">2025-07-20<\/div>\n            <div class=\"title\">KuPS eteni sankarillisella puolustustaistelulla Mestarien liigan karsinnoissa \u2013 seuraavaksi vastassa Kairat Almaty<\/div>\n        <\/div>\n        <div class=\"excerpt\">KuPS eteni sankarillisella puolustustaistelulla Mestarien liigan karsinnoissa \u2013 seuraavaksi vastassa Kairat Almaty Tiistai-iltana Moldovan Orheissa Kuopion Palloseura eli KuPS taisteli...<\/div>\n    <\/div>\n\n    <div class=\"news-item-cta-wrapper\">\n        <a href=\"https:\/\/sportotto.com\/fi\/uutiset\/kups-eteni-sankarillisella-puolustustaistelulla-mestarien-liigan-karsinnoissa-seuraavaksi-vastassa-kairat-almaty\/\" class=\"button outline\">Jatka Lukemista<\/a>\n    <\/div>\n<\/div><div class=\"news-item \">\n    <div class=\"news-item-image-wrapper\" style=\"background-image:url('https:\/\/sportotto.com\/wp-content\/uploads\/2025\/07\/Samuel20Purola20juoksi20ennC3A4tyksensC3A420vilppilC3A4hdC3B6n20varjossa20E2809320Joensuun20sC3A4C3A4ntC3B6farssi20puhuttaa20yleisurheiluvC3A4keC3A4-2025-07-19T053A023A32.131Z.jpg');\"><\/div>\n    <div class=\"news-item-text-wrapper\">\n        <div class=\"news-title-wrapper\">\n            <div class=\"date\">2025-07-19<\/div>\n            <div class=\"title\">Samuel Purola juoksi enn\u00e4tyksens\u00e4 vilppil\u00e4hd\u00f6n varjossa \u2013 Joensuun s\u00e4\u00e4nt\u00f6farssi puhuttaa yleisurheiluv\u00e4ke\u00e4<\/div>\n        <\/div>\n        <div class=\"excerpt\">Samuel Purola juoksi enn\u00e4tyksens\u00e4 vilppil\u00e4hd\u00f6n varjossa \u2013 Joensuun s\u00e4\u00e4nt\u00f6farssi puhuttaa yleisurheiluv\u00e4ke\u00e4 Kuvittele hetki: kes\u00e4ilta Joensuun yleisurheiluareenalla, j\u00e4nnitys tihenee katsomossa, l\u00e4ht\u00f6viivalla...<\/div>\n    <\/div>\n\n    <div class=\"news-item-cta-wrapper\">\n        <a href=\"https:\/\/sportotto.com\/fi\/uutiset\/samuel-purola-juoksi-ennatyksensa-vilppilahdon-varjossa-joensuun-saantofarssi-puhuttaa-yleisurheiluvakea\/\" class=\"button outline\">Jatka Lukemista<\/a>\n    <\/div>\n<\/div><div class=\"news-item \">\n    <div class=\"news-item-image-wrapper\" style=\"background-image:url('https:\/\/sportotto.com\/wp-content\/uploads\/2025\/07\/Kuopion20MM-suunnistus20202420toi20pronssia20ja20pettymyksiC3A420mutta20suomalaisessa20suunnistuksessa20on20yhC3A420toivoa-2025-07-18T053A023A51.827Z.jpg');\"><\/div>\n    <div class=\"news-item-text-wrapper\">\n        <div class=\"news-title-wrapper\">\n            <div class=\"date\">2025-07-18<\/div>\n            <div class=\"title\">Kuopion MM-suunnistus 2024 toi pronssia ja pettymyksi\u00e4 mutta suomalaisessa suunnistuksessa on yh\u00e4 toivoa<\/div>\n        <\/div>\n        <div class=\"excerpt\">Kuopion MM-suunnistus 2024 toi pronssia ja pettymyksi\u00e4 mutta suomalaisessa suunnistuksessa on yh\u00e4 toivoa Voi Kuopio. Et antanut suomalaisille suunnistajille sit\u00e4...<\/div>\n    <\/div>\n\n    <div class=\"news-item-cta-wrapper\">\n        <a href=\"https:\/\/sportotto.com\/fi\/uutiset\/kuopion-mm-suunnistus-2024-toi-pronssia-ja-pettymyksia-mutta-suomalaisessa-suunnistuksessa-on-yha-toivoa\/\" class=\"button outline\">Jatka Lukemista<\/a>\n    <\/div>\n<\/div><div class=\"news-item \">\n    <div class=\"news-item-image-wrapper\" style=\"background-image:url('https:\/\/sportotto.com\/wp-content\/uploads\/2025\/07\/Superpesiskohun20keskellC3A420kyseenalainen20tuomio20nosti20tunteet20pintaan20E2809320pitC3A4isikC3B620videotarkistus20ottaa20kC3A4yttC3B6C3B6n20aina20ratkaisuhetkillC3A43F-2025-07-17T053A023A20.805Z.jpg');\"><\/div>\n    <div class=\"news-item-text-wrapper\">\n        <div class=\"news-title-wrapper\">\n            <div class=\"date\">2025-07-17<\/div>\n            <div class=\"title\">Superpesiskohun keskell\u00e4 kyseenalainen tuomio nosti tunteet pintaan \u2013 pit\u00e4isik\u00f6 videotarkistus ottaa k\u00e4ytt\u00f6\u00f6n aina ratkaisuhetkill\u00e4?<\/div>\n        <\/div>\n        <div class=\"excerpt\">Superpesiskohun keskell\u00e4 kyseenalainen tuomio nosti tunteet pintaan \u2013 pit\u00e4isik\u00f6 videotarkistus ottaa k\u00e4ytt\u00f6\u00f6n aina ratkaisuhetkill\u00e4? Perjantai-illan Superpesis-ottelu Tampereella tarjosi paitsi j\u00e4nnityst\u00e4...<\/div>\n    <\/div>\n\n    <div class=\"news-item-cta-wrapper\">\n        <a href=\"https:\/\/sportotto.com\/fi\/uutiset\/superpesiskohun-keskella-kyseenalainen-tuomio-nosti-tunteet-pintaan-pitaisiko-videotarkistus-ottaa-kayttoon-aina-ratkaisuhetkilla\/\" class=\"button outline\">Jatka Lukemista<\/a>\n    <\/div>\n<\/div><div class=\"news-item \">\n    <div class=\"news-item-image-wrapper\" style=\"background-image:url('https:\/\/sportotto.com\/wp-content\/uploads\/2025\/07\/Oskari20Paldanius20loistaa20Wimbledonissa20E2809320Suomalaisjuniori20lC3A4hellC3A420historiallista20finaalipaikkaa-2025-07-16T053A023A18.155Z.jpg');\"><\/div>\n    <div class=\"news-item-text-wrapper\">\n        <div class=\"news-title-wrapper\">\n            <div class=\"date\">2025-07-16<\/div>\n            <div class=\"title\">Oskari Paldanius loistaa Wimbledonissa \u2013 Suomalaisjuniori l\u00e4hell\u00e4 historiallista finaalipaikkaa<\/div>\n        <\/div>\n        <div class=\"excerpt\">Oskari Paldanius loistaa Wimbledonissa \u2013 Suomalaisjuniori l\u00e4hell\u00e4 historiallista finaalipaikkaa Wimbledonin vihreill\u00e4 kentill\u00e4 n\u00e4hd\u00e4\u00e4n t\u00e4n\u00e4 vuonna uusi, suomalainen t\u00e4hti: Oskari Paldanius....<\/div>\n    <\/div>\n\n    <div class=\"news-item-cta-wrapper\">\n        <a href=\"https:\/\/sportotto.com\/fi\/uutiset\/oskari-paldanius-loistaa-wimbledonissa-suomalaisjuniori-lahella-historiallista-finaalipaikkaa\/\" class=\"button outline\">Jatka Lukemista<\/a>\n    <\/div>\n<\/div><div class=\"news-item \">\n    <div class=\"news-item-image-wrapper\" style=\"background-image:url('https:\/\/sportotto.com\/wp-content\/uploads\/2025\/07\/Anna20Koivusen20rohkea20ratkaisu20EM-kentC3A4llC3A420hurmasi20yleisC3B6n20E2809320suomalaismaalivahdin20unelma20vie20Arsenaliin-2025-07-15T053A033A13.238Z.jpg');\"><\/div>\n    <div class=\"news-item-text-wrapper\">\n        <div class=\"news-title-wrapper\">\n            <div class=\"date\">2025-07-15<\/div>\n            <div class=\"title\">Anna Koivusen rohkea ratkaisu EM-kent\u00e4ll\u00e4 hurmasi yleis\u00f6n \u2013 suomalaismaalivahdin unelma vie Arsenaliin<\/div>\n        <\/div>\n        <div class=\"excerpt\">Anna Koivusen rohkea ratkaisu EM-kent\u00e4ll\u00e4 hurmasi yleis\u00f6n \u2013 suomalaismaalivahdin unelma vie Arsenaliin Suomen ja Norjan v\u00e4linen jalkapallo-ottelu naisten EM-kisoissa p\u00e4\u00e4ttyi...<\/div>\n    <\/div>\n\n    <div class=\"news-item-cta-wrapper\">\n        <a href=\"https:\/\/sportotto.com\/fi\/uutiset\/anna-koivusen-rohkea-ratkaisu-em-kentalla-hurmasi-yleison-suomalaismaalivahdin-unelma-vie-arsenaliin\/\" class=\"button outline\">Jatka Lukemista<\/a>\n    <\/div>\n<\/div><div class=\"news-item \">\n    <div class=\"news-item-image-wrapper\" style=\"background-image:url('https:\/\/sportotto.com\/wp-content\/uploads\/2025\/07\/Aitana20BonmatC3AD20matkaa20kohti20tC3A4ydellisyyttC3A420E2809320Espanjan20toivo20EM-kultaan20ja20jalkapallohistoriaan-2025-07-14T053A023A42.030Z.jpg');\"><\/div>\n    <div class=\"news-item-text-wrapper\">\n        <div class=\"news-title-wrapper\">\n            <div class=\"date\">2025-07-14<\/div>\n            <div class=\"title\">Aitana Bonmat\u00ed matkaa kohti t\u00e4ydellisyytt\u00e4 \u2013 Espanjan toivo EM-kultaan ja jalkapallohistoriaan<\/div>\n        <\/div>\n        <div class=\"excerpt\">Aitana Bonmat\u00ed matkaa kohti t\u00e4ydellisyytt\u00e4 \u2013 Espanjan toivo EM-kultaan ja jalkapallohistoriaan Istutaanpa hetkeksi alas ja puhutaan yhdest\u00e4 jalkapallon kirkkaimmista t\u00e4hdist\u00e4,...<\/div>\n    <\/div>\n\n    <div class=\"news-item-cta-wrapper\">\n        <a href=\"https:\/\/sportotto.com\/fi\/uutiset\/aitana-bonmati-matkaa-kohti-taydellisyytta-espanjan-toivo-em-kultaan-ja-jalkapallohistoriaan\/\" class=\"button outline\">Jatka Lukemista<\/a>\n    <\/div>\n<\/div><div class=\"news-item \">\n    <div class=\"news-item-image-wrapper\" style=\"background-image:url('https:\/\/sportotto.com\/wp-content\/uploads\/2025\/07\/Helmarit20valmiina20huippukoitokseen20Norjaa20vastaan20Sveitsin20vuoristomaisemissa-2025-07-13T053A023A11.574Z.jpg');\"><\/div>\n    <div class=\"news-item-text-wrapper\">\n        <div class=\"news-title-wrapper\">\n            <div class=\"date\">2025-07-13<\/div>\n            <div class=\"title\">Helmarit valmiina huippukoitokseen Norjaa vastaan Sveitsin vuoristomaisemissa<\/div>\n        <\/div>\n        <div class=\"excerpt\">Helmarit valmiina huippukoitokseen Norjaa vastaan Sveitsin vuoristomaisemissa Teksti: [Toimittajan nimi] Helmarien tunnelmat Alppien syleilyss\u00e4 SION, SWITZERLAND \u2013 Suomen naisten jalkapallomaajoukkue...<\/div>\n    <\/div>\n\n    <div class=\"news-item-cta-wrapper\">\n        <a href=\"https:\/\/sportotto.com\/fi\/uutiset\/helmarit-valmiina-huippukoitokseen-norjaa-vastaan-sveitsin-vuoristomaisemissa\/\" class=\"button outline\">Jatka Lukemista<\/a>\n    <\/div>\n<\/div><div class=\"news-item \">\n    <div class=\"news-item-image-wrapper\" style=\"background-image:url('https:\/\/sportotto.com\/wp-content\/uploads\/2025\/07\/Saksan20EM-kisojen20avaus20voitokkaasti20mutta20ilman20kapteenia20E2809320Giulia20Gwinnin20loukkaantuminen20jC3A4rkytti20joukkuetta-2025-07-12T053A023A14.900Z.jpg');\"><\/div>\n    <div class=\"news-item-text-wrapper\">\n        <div class=\"news-title-wrapper\">\n            <div class=\"date\">2025-07-12<\/div>\n            <div class=\"title\">Saksan EM-kisojen avaus voitokkaasti mutta ilman kapteenia \u2013 Giulia Gwinnin loukkaantuminen j\u00e4rkytti joukkuetta<\/div>\n        <\/div>\n        <div class=\"excerpt\">Saksan EM-kisojen avaus voitokkaasti mutta ilman kapteenia \u2013 Giulia Gwinnin loukkaantuminen j\u00e4rkytti joukkuetta Kun Saksa avasi naisten jalkapallon EM-kisat 2\u20130-voitolla...<\/div>\n    <\/div>\n\n    <div class=\"news-item-cta-wrapper\">\n        <a href=\"https:\/\/sportotto.com\/fi\/uutiset\/saksan-em-kisojen-avaus-voitokkaasti-mutta-ilman-kapteenia-giulia-gwinnin-loukkaantuminen-jarkytti-joukkuetta\/\" class=\"button outline\">Jatka Lukemista<\/a>\n    <\/div>\n<\/div><div class=\"news-item \">\n    <div class=\"news-item-image-wrapper\" style=\"background-image:url('https:\/\/sportotto.com\/wp-content\/uploads\/2025\/07\/Julio20CC3A9sar20ChC3A1vez20Jr20karkotetaan20ja20tutkitaan20rikoksista20E2809320entisen20nyrkkeilytC3A4hden20syC3B6ksykierre20Meksikon20kartellien20varjossa-2025-07-11T053A023A09.883Z.jpg');\"><\/div>\n    <div class=\"news-item-text-wrapper\">\n        <div class=\"news-title-wrapper\">\n            <div class=\"date\">2025-07-11<\/div>\n            <div class=\"title\">Julio C\u00e9sar Ch\u00e1vez Jr karkotetaan ja tutkitaan rikoksista \u2013 entisen nyrkkeilyt\u00e4hden sy\u00f6ksykierre Meksikon kartellien varjossa<\/div>\n        <\/div>\n        <div class=\"excerpt\">Julio C\u00e9sar Ch\u00e1vez Jr karkotetaan ja tutkitaan rikoksista \u2013 entisen nyrkkeilyt\u00e4hden sy\u00f6ksykierre Meksikon kartellien varjossa Julio C\u00e9sar Ch\u00e1vez Jr.:n tapaus...<\/div>\n    <\/div>\n\n    <div class=\"news-item-cta-wrapper\">\n        <a href=\"https:\/\/sportotto.com\/fi\/uutiset\/julio-cesar-chavez-jr-karkotetaan-ja-tutkitaan-rikoksista-entisen-nyrkkeilytahden-syoksykierre-meksikon-kartellien-varjossa\/\" class=\"button outline\">Jatka Lukemista<\/a>\n    <\/div>\n<\/div><div class=\"news-item \">\n    <div class=\"news-item-image-wrapper\" style=\"background-image:url('https:\/\/sportotto.com\/wp-content\/uploads\/2025\/07\/Aitana20BonmatC3ADn20ihmeellinen20paluu20kentille20hC3A4mmC3A4styttC3A4C3A420E2809320nC3A4in20Espanjan20supertC3A4hti20toipui20huippukuntoon20ennC3A4tysajassa-2025-07-10T053A023A32.107Z.jpg');\"><\/div>\n    <div class=\"news-item-text-wrapper\">\n        <div class=\"news-title-wrapper\">\n            <div class=\"date\">2025-07-10<\/div>\n            <div class=\"title\">Aitana Bonmat\u00edn ihmeellinen paluu kentille h\u00e4mm\u00e4stytt\u00e4\u00e4 \u2013 n\u00e4in Espanjan supert\u00e4hti toipui huippukuntoon enn\u00e4tysajassa<\/div>\n        <\/div>\n        <div class=\"excerpt\">Aitana Bonmat\u00edn ihmeellinen paluu kentille h\u00e4mm\u00e4stytt\u00e4\u00e4 \u2013 n\u00e4in Espanjan supert\u00e4hti toipui huippukuntoon enn\u00e4tysajassa Kun Aitana Bonmat\u00ed, Espanjan keskikentt\u00e4pelaaja ja maailman...<\/div>\n    <\/div>\n\n    <div class=\"news-item-cta-wrapper\">\n        <a href=\"https:\/\/sportotto.com\/fi\/uutiset\/aitana-bonmatin-ihmeellinen-paluu-kentille-hammastyttaa-nain-espanjan-supertahti-toipui-huippukuntoon-ennatysajassa\/\" class=\"button outline\">Jatka Lukemista<\/a>\n    <\/div>\n<\/div><div class=\"news-item \">\n    <div class=\"news-item-image-wrapper\" style=\"background-image:url('https:\/\/sportotto.com\/wp-content\/uploads\/2025\/07\/Jesse20PuljujC3A4rvi20siirtymC3A4ssC3A420Sveitsin20pC3A4C3A4sarjaan20E2809320uusi20alku20GenC3A8ve-Servette20HC3Assa-2025-07-09T053A023A12.895Z.jpg');\"><\/div>\n    <div class=\"news-item-text-wrapper\">\n        <div class=\"news-title-wrapper\">\n            <div class=\"date\">2025-07-09<\/div>\n            <div class=\"title\">Jesse Puljuj\u00e4rvi siirtym\u00e4ss\u00e4 Sveitsin p\u00e4\u00e4sarjaan \u2013 uusi alku Gen\u00e8ve-Servette HC:ssa<\/div>\n        <\/div>\n        <div class=\"excerpt\">Jesse Puljuj\u00e4rvi siirtym\u00e4ss\u00e4 Sveitsin p\u00e4\u00e4sarjaan \u2013 uusi alku Gen\u00e8ve-Servette HC:ssa Jesse Puljuj\u00e4rven matka j\u00e4\u00e4kiekon huipulle on ollut kaikkea muuta kuin...<\/div>\n    <\/div>\n\n    <div class=\"news-item-cta-wrapper\">\n        <a href=\"https:\/\/sportotto.com\/fi\/uutiset\/jesse-puljujarvi-siirtymassa-sveitsin-paasarjaan-uusi-alku-geneve-servette-hcssa\/\" class=\"button outline\">Jatka Lukemista<\/a>\n    <\/div>\n<\/div><div class=\"news-item \">\n    <div class=\"news-item-image-wrapper\" style=\"background-image:url('https:\/\/sportotto.com\/wp-content\/uploads\/2025\/07\/Portugali20ja20Italia20tarjosivat20jalkapallodraamaa20E2809320historiallinen20tasapeli20jC3A4tti20B-lohkon20tC3A4ysin20auki-2025-07-08T053A023A18.643Z.jpg');\"><\/div>\n    <div class=\"news-item-text-wrapper\">\n        <div class=\"news-title-wrapper\">\n            <div class=\"date\">2025-07-08<\/div>\n            <div class=\"title\">Portugali ja Italia tarjosivat jalkapallodraamaa \u2013 historiallinen tasapeli j\u00e4tti B-lohkon t\u00e4ysin auki<\/div>\n        <\/div>\n        <div class=\"excerpt\">Portugali ja Italia tarjosivat jalkapallodraamaa \u2013 historiallinen tasapeli j\u00e4tti B-lohkon t\u00e4ysin auki Kun Portugali ja Italia kohtasivat toisensa EM-kisojen B-lohkon...<\/div>\n    <\/div>\n\n    <div class=\"news-item-cta-wrapper\">\n        <a href=\"https:\/\/sportotto.com\/fi\/uutiset\/portugali-ja-italia-tarjosivat-jalkapallodraamaa-historiallinen-tasapeli-jatti-b-lohkon-taysin-auki\/\" class=\"button outline\">Jatka Lukemista<\/a>\n    <\/div>\n<\/div><div class=\"news-item \">\n    <div class=\"news-item-image-wrapper\" style=\"background-image:url('https:\/\/sportotto.com\/wp-content\/uploads\/2025\/07\/Eemi20Tervaportti20harkitsee20upeaa20paluuta20maajoukkueeseen20E2809320voiko20kokenut20passari20johdattaa20Suomen20menestykseen20MM20kisoissa-2025-07-07T053A013A59.316Z.jpg');\"><\/div>\n    <div class=\"news-item-text-wrapper\">\n        <div class=\"news-title-wrapper\">\n            <div class=\"date\">2025-07-07<\/div>\n            <div class=\"title\">Eemi Tervaportti harkitsee upeaa paluuta maajoukkueeseen \u2013 voiko kokenut passari johdattaa Suomen menestykseen MM kisoissa<\/div>\n        <\/div>\n        <div class=\"excerpt\">Eemi Tervaportti harkitsee upeaa paluuta maajoukkueeseen \u2013 voiko kokenut passari johdattaa Suomen menestykseen MM kisoissa Jotkut palaavat lomilta, toiset palaavat...<\/div>\n    <\/div>\n\n    <div class=\"news-item-cta-wrapper\">\n        <a href=\"https:\/\/sportotto.com\/fi\/uutiset\/eemi-tervaportti-harkitsee-upeaa-paluuta-maajoukkueeseen-voiko-kokenut-passari-johdattaa-suomen-menestykseen-mm-kisoissa\/\" class=\"button outline\">Jatka Lukemista<\/a>\n    <\/div>\n<\/div><div class=\"news-item \">\n    <div class=\"news-item-image-wrapper\" style=\"background-image:url('https:\/\/sportotto.com\/wp-content\/uploads\/2025\/07\/Draamaa20ja20voitonjuhlaa20Akropolis-rallissa20E2809320Ott20TC3A4nak20mursi20kC3A4rkeC3A420ja20toi20MM-taiston20uudelleen20eloon-2025-07-06T053A023A10.456Z.jpg');\"><\/div>\n    <div class=\"news-item-text-wrapper\">\n        <div class=\"news-title-wrapper\">\n            <div class=\"date\">2025-07-06<\/div>\n            <div class=\"title\">Draamaa ja voitonjuhlaa Akropolis-rallissa \u2013 Ott T\u00e4nak mursi k\u00e4rke\u00e4 ja toi MM-taiston uudelleen eloon<\/div>\n        <\/div>\n        <div class=\"excerpt\">Draamaa ja voitonjuhlaa Akropolis-rallissa \u2013 Ott T\u00e4nak mursi k\u00e4rke\u00e4 ja toi MM-taiston uudelleen eloon Legendaarinen Akropolis-ralli tarjosi j\u00e4lleen kerran huikeaa...<\/div>\n    <\/div>\n\n    <div class=\"news-item-cta-wrapper\">\n        <a href=\"https:\/\/sportotto.com\/fi\/uutiset\/draamaa-ja-voitonjuhlaa-akropolis-rallissa-ott-tanak-mursi-karkea-ja-toi-mm-taiston-uudelleen-eloon\/\" class=\"button outline\">Jatka Lukemista<\/a>\n    <\/div>\n<\/div><div class=\"news-item \">\n    <div class=\"news-item-image-wrapper\" style=\"background-image:url('https:\/\/sportotto.com\/wp-content\/uploads\/2025\/07\/Lando20Norrisin20loistokierros20ItC3A4vallan20GP3AssC3A420nosti20mestaruushaaveet20liekkeihin-2025-07-05T053A023A01.252Z.jpg');\"><\/div>\n    <div class=\"news-item-text-wrapper\">\n        <div class=\"news-title-wrapper\">\n            <div class=\"date\">2025-07-05<\/div>\n            <div class=\"title\">Lando Norrisin loistokierros It\u00e4vallan GP:ss\u00e4 nosti mestaruushaaveet liekkeihin<\/div>\n        <\/div>\n        <div class=\"excerpt\">Lando Norrisin loistokierros It\u00e4vallan GP:ss\u00e4 nosti mestaruushaaveet liekkeihin Lauantaina It\u00e4vallan GP:n aika-ajot tarjoilivat Formula 1 -faneille todellisen herkkupalan. Lando Norris...<\/div>\n    <\/div>\n\n    <div class=\"news-item-cta-wrapper\">\n        <a href=\"https:\/\/sportotto.com\/fi\/uutiset\/lando-norrisin-loistokierros-itavallan-gpssa-nosti-mestaruushaaveet-liekkeihin\/\" class=\"button outline\">Jatka Lukemista<\/a>\n    <\/div>\n<\/div><div class=\"news-item \">\n    <div class=\"news-item-image-wrapper\" style=\"background-image:url('https:\/\/sportotto.com\/wp-content\/uploads\/2025\/07\/Mira20Jalosuo20St20Cloudin20pC3A4C3A4valmentajaksi20E2809320SuomalaistC3A4hti20johdattamassa20NCAA-kiekkoa20uudelle20tasolle-2025-07-04T053A023A22.446Z.jpg');\"><\/div>\n    <div class=\"news-item-text-wrapper\">\n        <div class=\"news-title-wrapper\">\n            <div class=\"date\">2025-07-04<\/div>\n            <div class=\"title\">Mira Jalosuo St Cloudin p\u00e4\u00e4valmentajaksi \u2013 Suomalaist\u00e4hti johdattamassa NCAA-kiekkoa uudelle tasolle<\/div>\n        <\/div>\n        <div class=\"excerpt\">Mira Jalosuo St Cloudin p\u00e4\u00e4valmentajaksi \u2013 Suomalaist\u00e4hti johdattamassa NCAA-kiekkoa uudelle tasolle Jos olet seurannut suomalaisen naiskiekon t\u00e4hti\u00e4 viime vuosikymmenin\u00e4, Mira...<\/div>\n    <\/div>\n\n    <div class=\"news-item-cta-wrapper\">\n        <a href=\"https:\/\/sportotto.com\/fi\/uutiset\/mira-jalosuo-st-cloudin-paavalmentajaksi-suomalaistahti-johdattamassa-ncaa-kiekkoa-uudelle-tasolle\/\" class=\"button outline\">Jatka Lukemista<\/a>\n    <\/div>\n<\/div><div class=\"news-item \">\n    <div class=\"news-item-image-wrapper\" style=\"background-image:url('https:\/\/sportotto.com\/wp-content\/uploads\/2025\/07\/Suomi20taistelee20sC3A4ilymisestC3A420joukkuelajien20EM-kisoissa20Madridin20helteessC3A420E2809320nC3A4mC3A420tC3A4hdet20ratkaisevat20kaiken-2025-07-03T053A023A52.085Z.jpg');\"><\/div>\n    <div class=\"news-item-text-wrapper\">\n        <div class=\"news-title-wrapper\">\n            <div class=\"date\">2025-07-03<\/div>\n            <div class=\"title\">Suomi taistelee s\u00e4ilymisest\u00e4 joukkuelajien EM-kisoissa Madridin helteess\u00e4 \u2013 n\u00e4m\u00e4 t\u00e4hdet ratkaisevat kaiken<\/div>\n        <\/div>\n        <div class=\"excerpt\">Suomi taistelee s\u00e4ilymisest\u00e4 joukkuelajien EM-kisoissa Madridin helteess\u00e4 \u2013 n\u00e4m\u00e4 t\u00e4hdet ratkaisevat kaiken Kun yleisurheilun joukkue-EM-kisat Madridissa k\u00e4ynnistyv\u00e4t kes\u00e4kuun lopulla, on...<\/div>\n    <\/div>\n\n    <div class=\"news-item-cta-wrapper\">\n        <a href=\"https:\/\/sportotto.com\/fi\/uutiset\/suomi-taistelee-sailymisesta-joukkuelajien-em-kisoissa-madridin-helteessa-nama-tahdet-ratkaisevat-kaiken\/\" class=\"button outline\">Jatka Lukemista<\/a>\n    <\/div>\n<\/div><div class=\"news-item \">\n    <div class=\"news-item-image-wrapper\" style=\"background-image:url('https:\/\/sportotto.com\/wp-content\/uploads\/2025\/07\/Helmarien20tC3A4hdet20nC3A4yttC3A4vC3A4t20sitkeytensC3A420E2809320Kuikka20ja20Rantala20valmiina20EM-kisoihin20loukkaantumisten20jC3A4lkeen-2025-07-02T053A023A17.056Z.jpg');\"><\/div>\n    <div class=\"news-item-text-wrapper\">\n        <div class=\"news-title-wrapper\">\n            <div class=\"date\">2025-07-02<\/div>\n            <div class=\"title\">Helmarien t\u00e4hdet n\u00e4ytt\u00e4v\u00e4t sitkeytens\u00e4 \u2013 Kuikka ja Rantala valmiina EM-kisoihin loukkaantumisten j\u00e4lkeen<\/div>\n        <\/div>\n        <div class=\"excerpt\">Helmarien t\u00e4hdet n\u00e4ytt\u00e4v\u00e4t sitkeytens\u00e4 \u2013 Kuikka ja Rantala valmiina EM-kisoihin loukkaantumisten j\u00e4lkeen Kun peli pys\u00e4htyy \u2013 ja unelmatkin hetkeksi \u2013...<\/div>\n    <\/div>\n\n    <div class=\"news-item-cta-wrapper\">\n        <a href=\"https:\/\/sportotto.com\/fi\/uutiset\/helmarien-tahdet-nayttavat-sitkeytensa-kuikka-ja-rantala-valmiina-em-kisoihin-loukkaantumisten-jalkeen\/\" class=\"button outline\">Jatka Lukemista<\/a>\n    <\/div>\n<\/div><div class=\"news-item \">\n    <div class=\"news-item-image-wrapper\" style=\"background-image:url('https:\/\/sportotto.com\/wp-content\/uploads\/2025\/07\/Oklahoma20City20Thunder20voitti20historian20ensimmC3A4isen20NBA-mestaruutensa20E2809320nC3A4in20pienestC3A420kaupungista20tuli20koripallon20huipentuma-2025-07-01T053A033A07.007Z.jpg');\"><\/div>\n    <div class=\"news-item-text-wrapper\">\n        <div class=\"news-title-wrapper\">\n            <div class=\"date\">2025-07-01<\/div>\n            <div class=\"title\">Oklahoma City Thunder voitti historian ensimm\u00e4isen NBA-mestaruutensa \u2013 n\u00e4in pienest\u00e4 kaupungista tuli koripallon huipentuma<\/div>\n        <\/div>\n        <div class=\"excerpt\">Oklahoma City Thunder voitti historian ensimm\u00e4isen NBA-mestaruutensa \u2013 n\u00e4in pienest\u00e4 kaupungista tuli koripallon huipentuma Jos joku olisi muutama vuosi sitten...<\/div>\n    <\/div>\n\n    <div class=\"news-item-cta-wrapper\">\n        <a href=\"https:\/\/sportotto.com\/fi\/uutiset\/oklahoma-city-thunder-voitti-historian-ensimmaisen-nba-mestaruutensa-nain-pienesta-kaupungista-tuli-koripallon-huipentuma\/\" class=\"button outline\">Jatka Lukemista<\/a>\n    <\/div>\n<\/div><div class=\"news-item \">\n    <div class=\"news-item-image-wrapper\" style=\"background-image:url('https:\/\/sportotto.com\/wp-content\/uploads\/2025\/06\/Pablo20Garcia20loisti20historiallisessa20maalijuhlassa20E2809320Espanja20eteni20trillerifinaaliin20Hollantia20vastaan20U1920EM-kisoissa-2025-06-30T053A023A19.378Z.jpg');\"><\/div>\n    <div class=\"news-item-text-wrapper\">\n        <div class=\"news-title-wrapper\">\n            <div class=\"date\">2025-06-30<\/div>\n            <div class=\"title\">Pablo Garcia loisti historiallisessa maalijuhlassa \u2013 Espanja eteni trillerifinaaliin Hollantia vastaan U19 EM-kisoissa<\/div>\n        <\/div>\n        <div class=\"excerpt\">Pablo Garcia loisti historiallisessa maalijuhlassa \u2013 Espanja eteni trillerifinaaliin Hollantia vastaan U19 EM-kisoissa Yksi niist\u00e4 illoista, joita jalkapallo ei koskaan...<\/div>\n    <\/div>\n\n    <div class=\"news-item-cta-wrapper\">\n        <a href=\"https:\/\/sportotto.com\/fi\/uutiset\/pablo-garcia-loisti-historiallisessa-maalijuhlassa-espanja-eteni-trillerifinaaliin-hollantia-vastaan-u19-em-kisoissa\/\" class=\"button outline\">Jatka Lukemista<\/a>\n    <\/div>\n<\/div><div class=\"news-item \">\n    <div class=\"news-item-image-wrapper\" style=\"background-image:url('https:\/\/sportotto.com\/wp-content\/uploads\/2025\/06\/Sergio20Almenara20tuo20erikoistilanneosaamisen20FC20KC3B6C3B6penhaminaan20ja20Huuhkajiin20E2809320Tavoitteena20kC3A4C3A4ntC3A4C3A420kulmapotkut20Suomen20eduksi-2025-06-29T053A023A10.408Z.jpg');\"><\/div>\n    <div class=\"news-item-text-wrapper\">\n        <div class=\"news-title-wrapper\">\n            <div class=\"date\">2025-06-29<\/div>\n            <div class=\"title\">Sergio Almenara tuo erikoistilanneosaamisen FC K\u00f6\u00f6penhaminaan ja Huuhkajiin \u2013 Tavoitteena k\u00e4\u00e4nt\u00e4\u00e4 kulmapotkut Suomen eduksi<\/div>\n        <\/div>\n        <div class=\"excerpt\">Sergio Almenara tuo erikoistilanneosaamisen FC K\u00f6\u00f6penhaminaan ja Huuhkajiin \u2013 Tavoitteena k\u00e4\u00e4nt\u00e4\u00e4 kulmapotkut Suomen eduksi Kuvittele tilanne: on lis\u00e4ajan viimeinen minuutti,...<\/div>\n    <\/div>\n\n    <div class=\"news-item-cta-wrapper\">\n        <a href=\"https:\/\/sportotto.com\/fi\/uutiset\/sergio-almenara-tuo-erikoistilanneosaamisen-fc-koopenhaminaan-ja-huuhkajiin-tavoitteena-kaantaa-kulmapotkut-suomen-eduksi\/\" class=\"button outline\">Jatka Lukemista<\/a>\n    <\/div>\n<\/div><div class=\"news-item \">\n    <div class=\"news-item-image-wrapper\" style=\"background-image:url('https:\/\/sportotto.com\/wp-content\/uploads\/2025\/06\/Viivi20Lehikoisen20koskettava20paluu20aitajuoksuun20E2809320tauon20ja20uupumuksen20jC3A4lkeen20kohti20uutta20nousua-2025-06-28T053A023A22.492Z.jpg');\"><\/div>\n    <div class=\"news-item-text-wrapper\">\n        <div class=\"news-title-wrapper\">\n            <div class=\"date\">2025-06-28<\/div>\n            <div class=\"title\">Viivi Lehikoisen koskettava paluu aitajuoksuun \u2013 tauon ja uupumuksen j\u00e4lkeen kohti uutta nousua<\/div>\n        <\/div>\n        <div class=\"excerpt\">Viivi Lehikoisen koskettava paluu aitajuoksuun \u2013 tauon ja uupumuksen j\u00e4lkeen kohti uutta nousua Viivi Lehikoinen seisoi j\u00e4lleen l\u00e4ht\u00f6viivalla tutulla kilparadalla...<\/div>\n    <\/div>\n\n    <div class=\"news-item-cta-wrapper\">\n        <a href=\"https:\/\/sportotto.com\/fi\/uutiset\/viivi-lehikoisen-koskettava-paluu-aitajuoksuun-tauon-ja-uupumuksen-jalkeen-kohti-uutta-nousua\/\" class=\"button outline\">Jatka Lukemista<\/a>\n    <\/div>\n<\/div><div class=\"news-item \">\n    <div class=\"news-item-image-wrapper\" style=\"background-image:url('https:\/\/sportotto.com\/wp-content\/uploads\/2025\/06\/Jesse20PuljujC3A4rven20upea20paluu20jC3A4C3A4kiekkoeliittiin20AHL-finaalien20kautta-2025-06-27T053A023A19.384Z.jpg');\"><\/div>\n    <div class=\"news-item-text-wrapper\">\n        <div class=\"news-title-wrapper\">\n            <div class=\"date\">2025-06-27<\/div>\n            <div class=\"title\">Jesse Puljuj\u00e4rven upea paluu j\u00e4\u00e4kiekkoeliittiin AHL-finaalien kautta<\/div>\n        <\/div>\n        <div class=\"excerpt\">Jesse Puljuj\u00e4rven upea paluu j\u00e4\u00e4kiekkoeliittiin AHL-finaalien kautta Vuosi sitten Jesse Puljuj\u00e4rvi mietti, onko j\u00e4\u00e4kiekko en\u00e4\u00e4 tulevaisuutta vai muisto. Useat lonkkaleikkaukset,...<\/div>\n    <\/div>\n\n    <div class=\"news-item-cta-wrapper\">\n        <a href=\"https:\/\/sportotto.com\/fi\/uutiset\/jesse-puljujarven-upea-paluu-jaakiekkoeliittiin-ahl-finaalien-kautta\/\" class=\"button outline\">Jatka Lukemista<\/a>\n    <\/div>\n<\/div><div class=\"news-item \">\n    <div class=\"news-item-image-wrapper\" style=\"background-image:url('https:\/\/sportotto.com\/wp-content\/uploads\/2025\/06\/Aleksander20Barkov20ja20Panthers20juhlivat20Stanley20Cupia20legendaarisessa20Elbo20Roomissa20E2809320unohtumaton20aamu20EtelC3A4-Floridassa-2025-06-26T053A023A06.553Z.jpg');\"><\/div>\n    <div class=\"news-item-text-wrapper\">\n        <div class=\"news-title-wrapper\">\n            <div class=\"date\">2025-06-26<\/div>\n            <div class=\"title\">Aleksander Barkov ja Panthers juhlivat Stanley Cupia legendaarisessa Elbo Roomissa \u2013 unohtumaton aamu Etel\u00e4-Floridassa<\/div>\n        <\/div>\n        <div class=\"excerpt\">Aleksander Barkov ja Panthers juhlivat Stanley Cupia legendaarisessa Elbo Roomissa \u2013 unohtumaton aamu Etel\u00e4-Floridassa Kun Florida Panthers saavutti historiansa ensimm\u00e4isen...<\/div>\n    <\/div>\n\n    <div class=\"news-item-cta-wrapper\">\n        <a href=\"https:\/\/sportotto.com\/fi\/uutiset\/aleksander-barkov-ja-panthers-juhlivat-stanley-cupia-legendaarisessa-elbo-roomissa-unohtumaton-aamu-etela-floridassa\/\" class=\"button outline\">Jatka Lukemista<\/a>\n    <\/div>\n<\/div><div class=\"news-item \">\n    <div class=\"news-item-image-wrapper\" style=\"background-image:url('https:\/\/sportotto.com\/wp-content\/uploads\/2025\/06\/RadiovitsistC3A420olympiaunelmaksi20Jannen20ja20Tristanin20kelkkatarina20jC3A4i20suomalaisten20sydC3A4miin-2025-06-25T053A023A25.699Z.jpg');\"><\/div>\n    <div class=\"news-item-text-wrapper\">\n        <div class=\"news-title-wrapper\">\n            <div class=\"date\">2025-06-25<\/div>\n            <div class=\"title\">Radiovitsist\u00e4 olympiaunelmaksi Jannen ja Tristanin kelkkatarina j\u00e4i suomalaisten syd\u00e4miin<\/div>\n        <\/div>\n        <div class=\"excerpt\">Radiovitsist\u00e4 olympiaunelmaksi Jannen ja Tristanin kelkkatarina j\u00e4i suomalaisten syd\u00e4miin T\u00e4ss\u00e4 on kertomus kahdesta tavattomasta miehest\u00e4, Janne Saarisesta ja Tristan Jeskasesta,...<\/div>\n    <\/div>\n\n    <div class=\"news-item-cta-wrapper\">\n        <a href=\"https:\/\/sportotto.com\/fi\/uutiset\/radiovitsista-olympiaunelmaksi-jannen-ja-tristanin-kelkkatarina-jai-suomalaisten-sydamiin\/\" class=\"button outline\">Jatka Lukemista<\/a>\n    <\/div>\n<\/div><div class=\"news-item \">\n    <div class=\"news-item-image-wrapper\" style=\"background-image:url('https:\/\/sportotto.com\/wp-content\/uploads\/2025\/06\/Saga20Andersson20loisti20seivC3A4shypyssC3A420EM-joukkuekisassa20E2809320taistelu20olympiapaikasta20jatkuu-2025-06-24T053A023A32.213Z.jpg');\"><\/div>\n    <div class=\"news-item-text-wrapper\">\n        <div class=\"news-title-wrapper\">\n            <div class=\"date\">2025-06-24<\/div>\n            <div class=\"title\">Saga Andersson loisti seiv\u00e4shypyss\u00e4 EM-joukkuekisassa \u2013 taistelu olympiapaikasta jatkuu<\/div>\n        <\/div>\n        <div class=\"excerpt\">Saga Andersson loisti seiv\u00e4shypyss\u00e4 EM-joukkuekisassa \u2013 taistelu olympiapaikasta jatkuu Suomen Saga Andersson taisteli vahvasti viikonloppuna k\u00e4ydyiss\u00e4 yleisurheilun EM-joukkuekilpailuissa Puolan Bydgoszczissa,...<\/div>\n    <\/div>\n\n    <div class=\"news-item-cta-wrapper\">\n        <a href=\"https:\/\/sportotto.com\/fi\/uutiset\/saga-andersson-loisti-seivashypyssa-em-joukkuekisassa-taistelu-olympiapaikasta-jatkuu\/\" class=\"button outline\">Jatka Lukemista<\/a>\n    <\/div>\n<\/div><div class=\"news-item \">\n    <div class=\"news-item-image-wrapper\" style=\"background-image:url('https:\/\/sportotto.com\/wp-content\/uploads\/2025\/06\/Roni20Hirvonen20palaa20SM-liigaan20E2809320KC3A4rpC3A4t20saa20vahvistuksen20hyC3B6kkC3A4ykseen20ja20johtajuuteen-2025-06-23T053A023A08.005Z.jpg');\"><\/div>\n    <div class=\"news-item-text-wrapper\">\n        <div class=\"news-title-wrapper\">\n            <div class=\"date\">2025-06-23<\/div>\n            <div class=\"title\">Roni Hirvonen palaa SM-liigaan \u2013 K\u00e4rp\u00e4t saa vahvistuksen hy\u00f6kk\u00e4ykseen ja johtajuuteen<\/div>\n        <\/div>\n        <div class=\"excerpt\">Roni Hirvonen palaa SM-liigaan \u2013 K\u00e4rp\u00e4t saa vahvistuksen hy\u00f6kk\u00e4ykseen ja johtajuuteen Oulun K\u00e4rppien hy\u00f6kk\u00e4ys saa kaudelle 2024\u201325 merkitt\u00e4v\u00e4n vahvistuksen, kun...<\/div>\n    <\/div>\n\n    <div class=\"news-item-cta-wrapper\">\n        <a href=\"https:\/\/sportotto.com\/fi\/uutiset\/roni-hirvonen-palaa-sm-liigaan-karpat-saa-vahvistuksen-hyokkaykseen-ja-johtajuuteen\/\" class=\"button outline\">Jatka Lukemista<\/a>\n    <\/div>\n<\/div><div class=\"news-item \">\n    <div class=\"news-item-image-wrapper\" style=\"background-image:url('https:\/\/sportotto.com\/wp-content\/uploads\/2025\/06\/George20Russell20voittoon20Kanadassa20mutta20Kimi20Antonelli20varasti20showE28099n20huimalla20nousullaan-2025-06-22T053A023A16.270Z.jpg');\"><\/div>\n    <div class=\"news-item-text-wrapper\">\n        <div class=\"news-title-wrapper\">\n            <div class=\"date\">2025-06-22<\/div>\n            <div class=\"title\">George Russell voittoon Kanadassa mutta Kimi Antonelli varasti show\u2019n huimalla nousullaan<\/div>\n        <\/div>\n        <div class=\"excerpt\">George Russell voittoon Kanadassa mutta Kimi Antonelli varasti show\u2019n huimalla nousullaan Sateinen s\u00e4\u00e4, viile\u00e4t olosuhteet ja j\u00e4nnitt\u00e4vi\u00e4 ohitustilanteita \u2013 Kanadan...<\/div>\n    <\/div>\n\n    <div class=\"news-item-cta-wrapper\">\n        <a href=\"https:\/\/sportotto.com\/fi\/uutiset\/george-russell-voittoon-kanadassa-mutta-kimi-antonelli-varasti-shown-huimalla-nousullaan\/\" class=\"button outline\">Jatka Lukemista<\/a>\n    <\/div>\n<\/div><div class=\"news-item \">\n    <div class=\"news-item-image-wrapper\" style=\"background-image:url('https:\/\/sportotto.com\/wp-content\/uploads\/2025\/06\/Matti20Peltola20loistaa20kentC3A4llC3A420ja20sen20ulkopuolella20E2809320U21-tC3A4hti20herC3A4ttC3A4C3A420huomiota20johtajuudellaan20ja20huippukunnossa20olevalla20ihollaan-2025-06-21T053A023A14.170Z.jpg');\"><\/div>\n    <div class=\"news-item-text-wrapper\">\n        <div class=\"news-title-wrapper\">\n            <div class=\"date\">2025-06-21<\/div>\n            <div class=\"title\">Matti Peltola loistaa kent\u00e4ll\u00e4 ja sen ulkopuolella \u2013 U21-t\u00e4hti her\u00e4tt\u00e4\u00e4 huomiota johtajuudellaan ja huippukunnossa olevalla ihollaan<\/div>\n        <\/div>\n        <div class=\"excerpt\">Matti Peltola loistaa kent\u00e4ll\u00e4 ja sen ulkopuolella \u2013 U21-t\u00e4hti her\u00e4tt\u00e4\u00e4 huomiota johtajuudellaan ja huippukunnossa olevalla ihollaan Matti Peltola asteli Ko\u0161icen...<\/div>\n    <\/div>\n\n    <div class=\"news-item-cta-wrapper\">\n        <a href=\"https:\/\/sportotto.com\/fi\/uutiset\/matti-peltola-loistaa-kentalla-ja-sen-ulkopuolella-u21-tahti-herattaa-huomiota-johtajuudellaan-ja-huippukunnossa-olevalla-ihollaan\/\" class=\"button outline\">Jatka Lukemista<\/a>\n    <\/div>\n<\/div><div class=\"news-item \">\n    <div class=\"news-item-image-wrapper\" style=\"background-image:url('https:\/\/sportotto.com\/wp-content\/uploads\/2025\/06\/Connor20Hellebuyckin20unohtumaton20hetki20E2809320tuplapalkinto20yllC3A4tyksenC3A420kalareissun20pC3A4C3A4tteeksi-2025-06-20T053A223A22.049Z.jpg');\"><\/div>\n    <div class=\"news-item-text-wrapper\">\n        <div class=\"news-title-wrapper\">\n            <div class=\"date\">2025-06-20<\/div>\n            <div class=\"title\">Connor Hellebuyckin unohtumaton hetki \u2013 tuplapalkinto yll\u00e4tyksen\u00e4 kalareissun p\u00e4\u00e4tteeksi<\/div>\n        <\/div>\n        <div class=\"excerpt\">Connor Hellebuyckin unohtumaton hetki \u2013 tuplapalkinto yll\u00e4tyksen\u00e4 kalareissun p\u00e4\u00e4tteeksi Kun NHL:n huipputorjuja Connor Hellebuyck palasi kalareissulta kotiseudulleen Michiganissa, ei h\u00e4n...<\/div>\n    <\/div>\n\n    <div class=\"news-item-cta-wrapper\">\n        <a href=\"https:\/\/sportotto.com\/fi\/uutiset\/connor-hellebuyckin-unohtumaton-hetki-tuplapalkinto-yllatyksena-kalareissun-paatteeksi\/\" class=\"button outline\">Jatka Lukemista<\/a>\n    <\/div>\n<\/div><div class=\"news-item \">\n    <div class=\"news-item-image-wrapper\" style=\"background-image:url('https:\/\/sportotto.com\/wp-content\/uploads\/2025\/06\/Hollannin20EM-avaus20hurmaa20monipuolisuudellaan20E2809320nuori20ja20kokenut20Oranje20valmis20yllC3A4ttC3A4mC3A4C3A4n-2025-06-19T053A013A45.401Z.jpg');\"><\/div>\n    <div class=\"news-item-text-wrapper\">\n        <div class=\"news-title-wrapper\">\n            <div class=\"date\">2025-06-19<\/div>\n            <div class=\"title\">Hollannin EM-avaus hurmaa monipuolisuudellaan \u2013 nuori ja kokenut Oranje valmis yll\u00e4tt\u00e4m\u00e4\u00e4n<\/div>\n        <\/div>\n        <div class=\"excerpt\">Hollannin EM-avaus hurmaa monipuolisuudellaan \u2013 nuori ja kokenut Oranje valmis yll\u00e4tt\u00e4m\u00e4\u00e4n Kun Hollanti astuu EM-kisojen kentille sunnuntaina Puolaa vastaan, se...<\/div>\n    <\/div>\n\n    <div class=\"news-item-cta-wrapper\">\n        <a href=\"https:\/\/sportotto.com\/fi\/uutiset\/hollannin-em-avaus-hurmaa-monipuolisuudellaan-nuori-ja-kokenut-oranje-valmis-yllattamaan\/\" class=\"button outline\">Jatka Lukemista<\/a>\n    <\/div>\n<\/div><div class=\"news-item \">\n    <div class=\"news-item-image-wrapper\" style=\"background-image:url('https:\/\/sportotto.com\/wp-content\/uploads\/2025\/06\/Emmi20Alanen20lopettaa20uransa20E2809320Helmarien20luottopelaaja20jC3A4ttC3A4C3A420kentC3A4t201420vuoden20jC3A4lkeen-Wed20Jun201820202520053A013A1820GMT2B000020Coordinated20Universal20Time.jpg');\"><\/div>\n    <div class=\"news-item-text-wrapper\">\n        <div class=\"news-title-wrapper\">\n            <div class=\"date\">2025-06-18<\/div>\n            <div class=\"title\">Emmi Alanen lopettaa uransa \u2013 Helmarien luottopelaaja j\u00e4tt\u00e4\u00e4 kent\u00e4t 14 vuoden j\u00e4lkeen<\/div>\n        <\/div>\n        <div class=\"excerpt\">Emmi Alanen lopettaa uransa \u2013 Helmarien luottopelaaja j\u00e4tt\u00e4\u00e4 kent\u00e4t 14 vuoden j\u00e4lkeen Jos olet joskus seurannut Suomen naisten jalkapallomaajoukkuetta eli...<\/div>\n    <\/div>\n\n    <div class=\"news-item-cta-wrapper\">\n        <a href=\"https:\/\/sportotto.com\/fi\/uutiset\/emmi-alanen-lopettaa-uransa-helmarien-luottopelaaja-jattaa-kentat-14-vuoden-jalkeen\/\" class=\"button outline\">Jatka Lukemista<\/a>\n    <\/div>\n<\/div><div class=\"news-item \">\n    <div class=\"news-item-image-wrapper\" style=\"background-image:url('https:\/\/sportotto.com\/wp-content\/uploads\/2025\/06\/Pohjanpalo20ja20Kairinen20loistavat20E2809320Suomi20hallitsee20vauhdikasta20ottelua20ennakkoluulottomasti-Tue20Jun201720202520053A013A4720GMT2B000020Coordinated20Universal20Time.jpg');\"><\/div>\n    <div class=\"news-item-text-wrapper\">\n        <div class=\"news-title-wrapper\">\n            <div class=\"date\">2025-06-17<\/div>\n            <div class=\"title\">Pohjanpalo ja Kairinen loistavat \u2013 Suomi hallitsee vauhdikasta ottelua ennakkoluulottomasti<\/div>\n        <\/div>\n        <div class=\"excerpt\">Pohjanpalo ja Kairinen loistavat \u2013 Suomi hallitsee vauhdikasta ottelua ennakkoluulottomasti Jos 37. peliminuutin kohdalla joku olisi tarjonnut lyhyen tiivistelm\u00e4n siit\u00e4,...<\/div>\n    <\/div>\n\n    <div class=\"news-item-cta-wrapper\">\n        <a href=\"https:\/\/sportotto.com\/fi\/uutiset\/pohjanpalo-ja-kairinen-loistavat-suomi-hallitsee-vauhdikasta-ottelua-ennakkoluulottomasti\/\" class=\"button outline\">Jatka Lukemista<\/a>\n    <\/div>\n<\/div><div class=\"news-item \">\n    <div class=\"news-item-image-wrapper\" style=\"background-image:url('https:\/\/sportotto.com\/wp-content\/uploads\/2025\/06\/Salibandyn20siirtosotku20kuumenee20Jasper20Auvisen20ympC3A4rillC3A420E2809320kahden20huippuseuran20kiista20hC3A4mmentC3A4C3A420F-liigaa-Mon20Jun201620202520053A013A4520GMT2B000020Coordinated20Universal20Time.jpg');\"><\/div>\n    <div class=\"news-item-text-wrapper\">\n        <div class=\"news-title-wrapper\">\n            <div class=\"date\">2025-06-16<\/div>\n            <div class=\"title\">Salibandyn siirtosotku kuumenee Jasper Auvisen ymp\u00e4rill\u00e4 \u2013 kahden huippuseuran kiista h\u00e4mment\u00e4\u00e4 F-liigaa<\/div>\n        <\/div>\n        <div class=\"excerpt\">Salibandyn siirtosotku kuumenee Jasper Auvisen ymp\u00e4rill\u00e4 \u2013 kahden huippuseuran kiista h\u00e4mment\u00e4\u00e4 F-liigaa Espoon salibandykenttien kulisseissa kuohuu \u2013 ei pelk\u00e4st\u00e4\u00e4n pelillisesti...<\/div>\n    <\/div>\n\n    <div class=\"news-item-cta-wrapper\">\n        <a href=\"https:\/\/sportotto.com\/fi\/uutiset\/salibandyn-siirtosotku-kuumenee-jasper-auvisen-ymparilla-kahden-huippuseuran-kiista-hammentaa-f-liigaa\/\" class=\"button outline\">Jatka Lukemista<\/a>\n    <\/div>\n<\/div><div class=\"news-item \">\n    <div class=\"news-item-image-wrapper\" style=\"background-image:url('https:\/\/sportotto.com\/wp-content\/uploads\/2025\/06\/Pelottava20loukkaantuminen20Naisten20SuperpesiksessC3A420nosti20turvallisuuskeskustelun20pintaan-Sun20Jun201520202520053A013A4520GMT2B000020Coordinated20Universal20Time.jpg');\"><\/div>\n    <div class=\"news-item-text-wrapper\">\n        <div class=\"news-title-wrapper\">\n            <div class=\"date\">2025-06-15<\/div>\n            <div class=\"title\">Pelottava loukkaantuminen Naisten Superpesiksess\u00e4 nosti turvallisuuskeskustelun pintaan<\/div>\n        <\/div>\n        <div class=\"excerpt\">Pelottava loukkaantuminen Naisten Superpesiksess\u00e4 nosti turvallisuuskeskustelun pintaan Sein\u00e4joen pes\u00e4palloilta alkoi aurinkoisessa s\u00e4\u00e4ss\u00e4 ja t\u00e4ynn\u00e4 odotusta. Naisten Superpesiksen ottelu Sein\u00e4joen Jussittarien...<\/div>\n    <\/div>\n\n    <div class=\"news-item-cta-wrapper\">\n        <a href=\"https:\/\/sportotto.com\/fi\/uutiset\/pelottava-loukkaantuminen-naisten-superpesiksessa-nosti-turvallisuuskeskustelun-pintaan\/\" class=\"button outline\">Jatka Lukemista<\/a>\n    <\/div>\n<\/div><div class=\"news-item \">\n    <div class=\"news-item-image-wrapper\" style=\"background-image:url('https:\/\/sportotto.com\/wp-content\/uploads\/2025\/06\/Italian20jalkapallokriisi20syvenee20Norja-tappion20jC3A4lkeen20E2809320Spalletti20ulos20ja20uusi20pC3A4C3A4valmentaja20haussa-Sat20Jun201420202520053A013A4320GMT2B000020Coordinated20Universal20Time.jpg');\"><\/div>\n    <div class=\"news-item-text-wrapper\">\n        <div class=\"news-title-wrapper\">\n            <div class=\"date\">2025-06-14<\/div>\n            <div class=\"title\">Italian jalkapallokriisi syvenee Norja-tappion j\u00e4lkeen \u2013 Spalletti ulos ja uusi p\u00e4\u00e4valmentaja haussa<\/div>\n        <\/div>\n        <div class=\"excerpt\">Italian jalkapallokriisi syvenee Norja-tappion j\u00e4lkeen \u2013 Spalletti ulos ja uusi p\u00e4\u00e4valmentaja haussa Italian jalkapallomaajoukkue on j\u00e4lleen ajautunut tilanteeseen, joka muistuttaa...<\/div>\n    <\/div>\n\n    <div class=\"news-item-cta-wrapper\">\n        <a href=\"https:\/\/sportotto.com\/fi\/uutiset\/italian-jalkapallokriisi-syvenee-norja-tappion-jalkeen-spalletti-ulos-ja-uusi-paavalmentaja-haussa\/\" class=\"button outline\">Jatka Lukemista<\/a>\n    <\/div>\n<\/div><div class=\"news-item \">\n    <div class=\"news-item-image-wrapper\" style=\"background-image:url('https:\/\/sportotto.com\/wp-content\/uploads\/2025\/06\/Carolina20Hurricanes20elossa20taistelussa20Stanley20Cupista20E2809320Frederik20Andersenin20nollapeli20ja20Sebastian20Ahon20ratkaisu20loistossaan-Fri20Jun201320202520053A013A4420GMT2B000020Coordinated20Universal20Time.jpg');\"><\/div>\n    <div class=\"news-item-text-wrapper\">\n        <div class=\"news-title-wrapper\">\n            <div class=\"date\">2025-06-13<\/div>\n            <div class=\"title\">Carolina Hurricanes elossa taistelussa Stanley Cupista \u2013 Frederik Andersenin nollapeli ja Sebastian Ahon ratkaisu loistossaan<\/div>\n        <\/div>\n        <div class=\"excerpt\">Carolina Hurricanes elossa taistelussa Stanley Cupista \u2013 Frederik Andersenin nollapeli ja Sebastian Ahon ratkaisu loistossaan Carolina Hurricanes ei viel\u00e4 ollut...<\/div>\n    <\/div>\n\n    <div class=\"news-item-cta-wrapper\">\n        <a href=\"https:\/\/sportotto.com\/fi\/uutiset\/carolina-hurricanes-elossa-taistelussa-stanley-cupista-frederik-andersenin-nollapeli-ja-sebastian-ahon-ratkaisu-loistossaan\/\" class=\"button outline\">Jatka Lukemista<\/a>\n    <\/div>\n<\/div><div class=\"news-item \">\n    <div class=\"news-item-image-wrapper\" style=\"background-image:url('https:\/\/sportotto.com\/wp-content\/uploads\/2025\/06\/Italia20ajautui20jC3A4lleen20jalkapallokriisiin20E2809320Spalletti20sai20potkut20Norja-tappion20jC3A4lkeen-Thu20Jun201220202520073A553A4920GMT2B000020Coordinated20Universal20Time.jpg');\"><\/div>\n    <div class=\"news-item-text-wrapper\">\n        <div class=\"news-title-wrapper\">\n            <div class=\"date\">2025-06-12<\/div>\n            <div class=\"title\">Italia ajautui j\u00e4lleen jalkapallokriisiin \u2013 Spalletti sai potkut Norja-tappion j\u00e4lkeen<\/div>\n        <\/div>\n        <div class=\"excerpt\">Italia ajautui j\u00e4lleen jalkapallokriisiin \u2013 Spalletti sai potkut Norja-tappion j\u00e4lkeen Italian maajoukkueen MM-karsinnat k\u00e4ynnistyiv\u00e4t ik\u00e4v\u00e4ll\u00e4 tavalla \u2013 pelillisesti surullinen esitys...<\/div>\n    <\/div>\n\n    <div class=\"news-item-cta-wrapper\">\n        <a href=\"https:\/\/sportotto.com\/fi\/uutiset\/italia-ajautui-jalleen-jalkapallokriisiin-spalletti-sai-potkut-norja-tappion-jalkeen\/\" class=\"button outline\">Jatka Lukemista<\/a>\n    <\/div>\n<\/div><\/div>\n","protected":false},"excerpt":{"rendered":"<p>Uutiest Pelaamisen suosio jatkaa kasvuaan, ja sen monimuotoisuus houkuttelee kaikenik\u00e4isi\u00e4 ja -taustaisia harrastajia. Uusimmassa kategoriassamme syvennymme pelien monipuoliseen kirjoon \u2013&#8230;<\/p>\n","protected":false},"author":3,"featured_media":0,"parent":0,"menu_order":0,"comment_status":"closed","ping_status":"closed","template":"","meta":{"_acf_changed":false,"footnotes":""},"class_list":["post-783","page","type-page","status-publish","hentry"],"acf":[],"yoast_head":"<!-- This site is optimized with the Yoast SEO plugin v27.4 - https:\/\/yoast.com\/product\/yoast-seo-wordpress\/ -->\n<title>Pelaamisen maailma \u2013 Lautapeleist\u00e4 kasinoihin | Uutiset &amp; vinkit - Sportotto.com<\/title>\n<meta name=\"description\" content=\"Tutustu pelien monipuolisuuteen! Lue uutisia, strategioita ja vinkkej\u00e4 lautapeleist\u00e4, videopeleist\u00e4 ja kasinoista. Aloittelijoille ja konkareille.\" \/>\n<meta name=\"robots\" content=\"index, follow, max-snippet:-1, max-image-preview:large, max-video-preview:-1\" \/>\n<link rel=\"canonical\" href=\"https:\/\/sportotto.com\/fi\/uutiest\/\" \/>\n<meta property=\"og:locale\" content=\"fi_FI\" \/>\n<meta property=\"og:type\" content=\"article\" \/>\n<meta property=\"og:title\" content=\"Pelaamisen maailma \u2013 Lautapeleist\u00e4 kasinoihin | Uutiset &amp; vinkit - Sportotto.com\" \/>\n<meta property=\"og:description\" content=\"Tutustu pelien monipuolisuuteen! Lue uutisia, strategioita ja vinkkej\u00e4 lautapeleist\u00e4, videopeleist\u00e4 ja kasinoista. Aloittelijoille ja konkareille.\" \/>\n<meta property=\"og:url\" content=\"https:\/\/sportotto.com\/fi\/uutiest\/\" \/>\n<meta property=\"og:site_name\" content=\"Sportotto.com\" \/>\n<meta property=\"article:modified_time\" content=\"2025-08-29T13:51:21+00:00\" \/>\n<meta name=\"twitter:card\" content=\"summary_large_image\" \/>\n<script type=\"application\/ld+json\" class=\"yoast-schema-graph\">{\"@context\":\"https:\\\/\\\/schema.org\",\"@graph\":[{\"@type\":\"WebPage\",\"@id\":\"https:\\\/\\\/sportotto.com\\\/fi\\\/uutiest\\\/\",\"url\":\"https:\\\/\\\/sportotto.com\\\/fi\\\/uutiest\\\/\",\"name\":\"Pelaamisen maailma \u2013 Lautapeleist\u00e4 kasinoihin | Uutiset & vinkit - Sportotto.com\",\"isPartOf\":{\"@id\":\"https:\\\/\\\/sportotto.com\\\/fi\\\/#website\"},\"datePublished\":\"2025-06-12T07:31:31+00:00\",\"dateModified\":\"2025-08-29T13:51:21+00:00\",\"description\":\"Tutustu pelien monipuolisuuteen! Lue uutisia, strategioita ja vinkkej\u00e4 lautapeleist\u00e4, videopeleist\u00e4 ja kasinoista. Aloittelijoille ja konkareille.\",\"breadcrumb\":{\"@id\":\"https:\\\/\\\/sportotto.com\\\/fi\\\/uutiest\\\/#breadcrumb\"},\"inLanguage\":\"fi\",\"potentialAction\":[{\"@type\":\"ReadAction\",\"target\":[\"https:\\\/\\\/sportotto.com\\\/fi\\\/uutiest\\\/\"]}]},{\"@type\":\"BreadcrumbList\",\"@id\":\"https:\\\/\\\/sportotto.com\\\/fi\\\/uutiest\\\/#breadcrumb\",\"itemListElement\":[{\"@type\":\"ListItem\",\"position\":1,\"name\":\"Sportotto\",\"item\":\"https:\\\/\\\/sportotto.com\\\/fi\\\/\"},{\"@type\":\"ListItem\",\"position\":2,\"name\":\"Uutiest\"}]},{\"@type\":\"WebSite\",\"@id\":\"https:\\\/\\\/sportotto.com\\\/fi\\\/#website\",\"url\":\"https:\\\/\\\/sportotto.com\\\/fi\\\/\",\"name\":\"Sportotto.com\",\"description\":\"All about sports betting!\",\"potentialAction\":[{\"@type\":\"SearchAction\",\"target\":{\"@type\":\"EntryPoint\",\"urlTemplate\":\"https:\\\/\\\/sportotto.com\\\/fi\\\/?s={search_term_string}\"},\"query-input\":{\"@type\":\"PropertyValueSpecification\",\"valueRequired\":true,\"valueName\":\"search_term_string\"}}],\"inLanguage\":\"fi\"}]}<\/script>\n<!-- \/ Yoast SEO plugin. -->","yoast_head_json":{"title":"Pelaamisen maailma \u2013 Lautapeleist\u00e4 kasinoihin | Uutiset & vinkit - Sportotto.com","description":"Tutustu pelien monipuolisuuteen! Lue uutisia, strategioita ja vinkkej\u00e4 lautapeleist\u00e4, videopeleist\u00e4 ja kasinoista. Aloittelijoille ja konkareille.","robots":{"index":"index","follow":"follow","max-snippet":"max-snippet:-1","max-image-preview":"max-image-preview:large","max-video-preview":"max-video-preview:-1"},"canonical":"https:\/\/sportotto.com\/fi\/uutiest\/","og_locale":"fi_FI","og_type":"article","og_title":"Pelaamisen maailma \u2013 Lautapeleist\u00e4 kasinoihin | Uutiset & vinkit - Sportotto.com","og_description":"Tutustu pelien monipuolisuuteen! Lue uutisia, strategioita ja vinkkej\u00e4 lautapeleist\u00e4, videopeleist\u00e4 ja kasinoista. Aloittelijoille ja konkareille.","og_url":"https:\/\/sportotto.com\/fi\/uutiest\/","og_site_name":"Sportotto.com","article_modified_time":"2025-08-29T13:51:21+00:00","twitter_card":"summary_large_image","schema":{"@context":"https:\/\/schema.org","@graph":[{"@type":"WebPage","@id":"https:\/\/sportotto.com\/fi\/uutiest\/","url":"https:\/\/sportotto.com\/fi\/uutiest\/","name":"Pelaamisen maailma \u2013 Lautapeleist\u00e4 kasinoihin | Uutiset & vinkit - Sportotto.com","isPartOf":{"@id":"https:\/\/sportotto.com\/fi\/#website"},"datePublished":"2025-06-12T07:31:31+00:00","dateModified":"2025-08-29T13:51:21+00:00","description":"Tutustu pelien monipuolisuuteen! Lue uutisia, strategioita ja vinkkej\u00e4 lautapeleist\u00e4, videopeleist\u00e4 ja kasinoista. Aloittelijoille ja konkareille.","breadcrumb":{"@id":"https:\/\/sportotto.com\/fi\/uutiest\/#breadcrumb"},"inLanguage":"fi","potentialAction":[{"@type":"ReadAction","target":["https:\/\/sportotto.com\/fi\/uutiest\/"]}]},{"@type":"BreadcrumbList","@id":"https:\/\/sportotto.com\/fi\/uutiest\/#breadcrumb","itemListElement":[{"@type":"ListItem","position":1,"name":"Sportotto","item":"https:\/\/sportotto.com\/fi\/"},{"@type":"ListItem","position":2,"name":"Uutiest"}]},{"@type":"WebSite","@id":"https:\/\/sportotto.com\/fi\/#website","url":"https:\/\/sportotto.com\/fi\/","name":"Sportotto.com","description":"All about sports betting!","potentialAction":[{"@type":"SearchAction","target":{"@type":"EntryPoint","urlTemplate":"https:\/\/sportotto.com\/fi\/?s={search_term_string}"},"query-input":{"@type":"PropertyValueSpecification","valueRequired":true,"valueName":"search_term_string"}}],"inLanguage":"fi"}]}},"_links":{"self":[{"href":"https:\/\/sportotto.com\/fi\/wp-json\/wp\/v2\/pages\/783","targetHints":{"allow":["GET"]}}],"collection":[{"href":"https:\/\/sportotto.com\/fi\/wp-json\/wp\/v2\/pages"}],"about":[{"href":"https:\/\/sportotto.com\/fi\/wp-json\/wp\/v2\/types\/page"}],"author":[{"embeddable":true,"href":"https:\/\/sportotto.com\/fi\/wp-json\/wp\/v2\/users\/3"}],"replies":[{"embeddable":true,"href":"https:\/\/sportotto.com\/fi\/wp-json\/wp\/v2\/comments?post=783"}],"version-history":[{"count":3,"href":"https:\/\/sportotto.com\/fi\/wp-json\/wp\/v2\/pages\/783\/revisions"}],"predecessor-version":[{"id":1261,"href":"https:\/\/sportotto.com\/fi\/wp-json\/wp\/v2\/pages\/783\/revisions\/1261"}],"wp:attachment":[{"href":"https:\/\/sportotto.com\/fi\/wp-json\/wp\/v2\/media?parent=783"}],"curies":[{"name":"wp","href":"https:\/\/api.w.org\/{rel}","templated":true}]}}